{"id":831,"date":"2017-03-23T11:25:57","date_gmt":"2017-03-23T11:25:57","guid":{"rendered":"http:\/\/www.arsantonina.org\/?page_id=831"},"modified":"2018-03-12T11:26:35","modified_gmt":"2018-03-12T11:26:35","slug":"galerie-videos","status":"publish","type":"page","link":"https:\/\/www.arsantonina.org\/en\/galerie-videos\/","title":{"rendered":"Galerie vid\u00e9o"},"content":{"rendered":"<h2 style=\"text-align: center;\">Extraits de nos r\u00e9citals des saisons pass\u00e9es<\/h2>\n<p style=\"text-align: center;\"><strong>Virtuoses laur\u00e9ats de concours internationaux<\/strong><br \/>\n<strong> Au th\u00e9\u00e2tre des Vari\u00e9t\u00e9s de Monaco<\/strong><\/p>\n<p>&nbsp;<\/p>\n<h3 style=\"text-align: center;\"><strong>Anna Tsybuleva<\/strong><\/h3>\n<p style=\"text-align: center;\"><iframe  id=\"_ytid_67048\"  width=\"750\" height=\"400\"  data-origwidth=\"750\" data-origheight=\"400\" src=\"https:\/\/www.youtube.com\/embed\/vtABFfJJwHs?enablejsapi=1&autoplay=0&cc_load_policy=0&cc_lang_pref=&iv_load_policy=1&loop=0&modestbranding=0&rel=1&fs=1&playsinline=0&autohide=2&theme=dark&color=red&controls=1&\" class=\"__youtube_prefs__  no-lazyload\" title=\"YouTube player\"  allow=\"accelerometer; autoplay; clipboard-write; encrypted-media; gyroscope; picture-in-picture\" allowfullscreen data-no-lazy=\"1\" data-skipgform_ajax_framebjll=\"\"><\/iframe><br \/>\n<strong>Le 26 avril 2017 au Th\u00e9\u00e2tre des Vari\u00e9t\u00e9s de Monaco<\/strong><\/p>\n<p style=\"text-align: center;\">[<a href=\"http:\/\/www.arsantonina.org\/biographies\/biographie-anna-tsybuleva\/\">Voir sa biographie<\/a>]<\/p>\n<hr \/>\n<h3 style=\"text-align: center;\"><strong>Michael Petrov &#038; Alexander Ullman<\/strong><\/h3>\n<p style=\"text-align: center;\"><iframe  id=\"_ytid_11842\"  width=\"750\" height=\"400\"  data-origwidth=\"750\" data-origheight=\"400\" src=\"https:\/\/www.youtube.com\/embed\/8gYvMlGsKeU?enablejsapi=1&autoplay=0&cc_load_policy=0&cc_lang_pref=&iv_load_policy=1&loop=0&modestbranding=0&rel=1&fs=1&playsinline=0&autohide=2&theme=dark&color=red&controls=1&\" class=\"__youtube_prefs__  no-lazyload\" title=\"YouTube player\"  allow=\"accelerometer; autoplay; clipboard-write; encrypted-media; gyroscope; picture-in-picture\" allowfullscreen data-no-lazy=\"1\" data-skipgform_ajax_framebjll=\"\"><\/iframe><br \/>\n<strong>\u00a0Le 8 mars 2017 au Th\u00e9\u00e2tre des Vari\u00e9t\u00e9s de Monaco<\/strong><\/p>\n<p style=\"text-align: center;\">[<a href=\"http:\/\/www.arsantonina.org\/biographies\/biographie-michael-petrov\/\">Voir leur biographie<\/a>]<\/p>\n<hr \/>\n<h3 style=\"text-align: center;\"><strong>Martin James Bartlett<\/strong><\/h3>\n<p style=\"text-align: center;\"><iframe  id=\"_ytid_22620\"  width=\"750\" height=\"400\"  data-origwidth=\"750\" data-origheight=\"400\" src=\"https:\/\/www.youtube.com\/embed\/WNvFMunKnOc?enablejsapi=1&autoplay=0&cc_load_policy=0&cc_lang_pref=&iv_load_policy=1&loop=0&modestbranding=0&rel=1&fs=1&playsinline=0&autohide=2&theme=dark&color=red&controls=1&\" class=\"__youtube_prefs__  no-lazyload\" title=\"YouTube player\"  allow=\"accelerometer; autoplay; clipboard-write; encrypted-media; gyroscope; picture-in-picture\" allowfullscreen data-no-lazy=\"1\" data-skipgform_ajax_framebjll=\"\"><\/iframe><br \/>\n<strong>Le 15 f\u00e9vrier 2017 au Th\u00e9\u00e2tre des Vari\u00e9t\u00e9s de Monaco<\/strong><\/p>\n<p style=\"text-align: center;\">[<a href=\"http:\/\/www.arsantonina.org\/biographies\/biographie-de-martin-james-bartlett\/\">Voir sa biographie<\/a>]<\/p>\n<hr \/>\n<h3 style=\"text-align: center;\"><strong>Ji Liu<\/strong><\/h3>\n<p style=\"text-align: center;\"><iframe  id=\"_ytid_44048\"  width=\"750\" height=\"400\"  data-origwidth=\"750\" data-origheight=\"400\" src=\"https:\/\/www.youtube.com\/embed\/JC7JWF-MaAQ?enablejsapi=1&autoplay=0&cc_load_policy=0&cc_lang_pref=&iv_load_policy=1&loop=0&modestbranding=0&rel=1&fs=1&playsinline=0&autohide=2&theme=dark&color=red&controls=1&\" class=\"__youtube_prefs__  no-lazyload\" title=\"YouTube player\"  allow=\"accelerometer; autoplay; clipboard-write; encrypted-media; gyroscope; picture-in-picture\" allowfullscreen data-no-lazy=\"1\" data-skipgform_ajax_framebjll=\"\"><\/iframe><br \/>\n<strong>\u00a0Le 30 septembre 2015 au Th\u00e9\u00e2tre des Vari\u00e9t\u00e9s de Monaco<\/strong><\/p>\n<p style=\"text-align: center;\">[<a href=\"#\">Voir sa biographie<\/a>]<\/p>\n<hr \/>\n<h3 style=\"text-align: center;\"><strong>Bettina Aust &#038; Robert Aust<\/strong><\/h3>\n<p style=\"text-align: center;\"><iframe  id=\"_ytid_48797\"  width=\"750\" height=\"400\"  data-origwidth=\"750\" data-origheight=\"400\" src=\"https:\/\/www.youtube.com\/embed\/OGZi_vsQ5MY?enablejsapi=1&autoplay=0&cc_load_policy=0&cc_lang_pref=&iv_load_policy=1&loop=0&modestbranding=0&rel=1&fs=1&playsinline=0&autohide=2&theme=dark&color=red&controls=1&\" class=\"__youtube_prefs__  no-lazyload\" title=\"YouTube player\"  allow=\"accelerometer; autoplay; clipboard-write; encrypted-media; gyroscope; picture-in-picture\" allowfullscreen data-no-lazy=\"1\" data-skipgform_ajax_framebjll=\"\"><\/iframe><br \/>\n<strong>\u00a0Le 13 janvier 2016 au Th\u00e9\u00e2tre des Vari\u00e9t\u00e9s de Monaco<\/strong><\/p>\n<p style=\"text-align: center;\">[<a href=\"#\">Voir sa biographie<\/a>]<\/p>\n<hr \/>\n<h3 style=\"text-align: center;\">\u00a0<strong>Sergei Redkin<\/strong><\/h3>\n<p style=\"text-align: center;\"><iframe  id=\"_ytid_29941\"  width=\"750\" height=\"400\"  data-origwidth=\"750\" data-origheight=\"400\" src=\"https:\/\/www.youtube.com\/embed\/UUTXo6Mb3bg?enablejsapi=1&autoplay=0&cc_load_policy=0&cc_lang_pref=&iv_load_policy=1&loop=0&modestbranding=0&rel=1&fs=1&playsinline=0&autohide=2&theme=dark&color=red&controls=1&\" class=\"__youtube_prefs__  no-lazyload\" title=\"YouTube player\"  allow=\"accelerometer; autoplay; clipboard-write; encrypted-media; gyroscope; picture-in-picture\" allowfullscreen data-no-lazy=\"1\" data-skipgform_ajax_framebjll=\"\"><\/iframe><br \/>\n<strong>Le 18 janvier 2017 au Th\u00e9\u00e2tre des Vari\u00e9t\u00e9s de Monaco<\/strong><\/p>\n<p style=\"text-align: center;\">[<a href=\"http:\/\/www.arsantonina.org\/biographies\/biographie-sergei-redkin\/\">Voir sa biographie<\/a>]<\/p>\n<hr \/>\n<h3 style=\"text-align: center;\"><strong>Liya Petrova<\/strong><\/h3>\n<p style=\"text-align: center;\"><iframe  id=\"_ytid_37683\"  width=\"750\" height=\"400\"  data-origwidth=\"750\" data-origheight=\"400\" src=\"https:\/\/www.youtube.com\/embed\/DkLfsbI8D_k?enablejsapi=1&autoplay=0&cc_load_policy=0&cc_lang_pref=&iv_load_policy=1&loop=0&modestbranding=0&rel=1&fs=1&playsinline=0&autohide=2&theme=dark&color=red&controls=1&\" class=\"__youtube_prefs__  no-lazyload\" title=\"YouTube player\"  allow=\"accelerometer; autoplay; clipboard-write; encrypted-media; gyroscope; picture-in-picture\" allowfullscreen data-no-lazy=\"1\" data-skipgform_ajax_framebjll=\"\"><\/iframe><br \/>\n<strong>Le 3 novembre 2015 au Th\u00e9\u00e2tre des Vari\u00e9t\u00e9s de Monaco<\/strong><\/p>\n<p style=\"text-align: center;\">[<a href=\"#\">Voir sa biographie<\/a>]<\/p>\n<hr \/>\n<h3 style=\"text-align: center;\"><strong>Alim Beisembayev<\/strong><\/h3>\n<p style=\"text-align: center;\"><iframe  id=\"_ytid_80915\"  width=\"750\" height=\"400\"  data-origwidth=\"750\" data-origheight=\"400\" src=\"https:\/\/www.youtube.com\/embed\/jk_NLTOZbcw?enablejsapi=1&autoplay=0&cc_load_policy=0&cc_lang_pref=&iv_load_policy=1&loop=0&modestbranding=0&rel=1&fs=1&playsinline=0&autohide=2&theme=dark&color=red&controls=1&\" class=\"__youtube_prefs__  no-lazyload\" title=\"YouTube player\"  allow=\"accelerometer; autoplay; clipboard-write; encrypted-media; gyroscope; picture-in-picture\" allowfullscreen data-no-lazy=\"1\" data-skipgform_ajax_framebjll=\"\"><\/iframe><br \/>\n<strong>\u00a0Le 16 janvier 2018 au Th\u00e9\u00e2tre des Vari\u00e9t\u00e9s de Monaco<\/strong><\/p>\n<p style=\"text-align: center;\">[<a href=\"http:\/\/www.arsantonina.org\/biographies\/biographie-de-martin-james-bartlett\/\">Voir sa biographie<\/a>]<\/p>\n<hr \/>\n<h3 style=\"text-align: center;\"><strong>Dmitri Masleev<\/strong><\/h3>\n<p style=\"text-align: center;\"><iframe  id=\"_ytid_36935\"  width=\"750\" height=\"400\"  data-origwidth=\"750\" data-origheight=\"400\" src=\"https:\/\/www.youtube.com\/embed\/cD8hVEkYA58?enablejsapi=1&autoplay=0&cc_load_policy=0&cc_lang_pref=&iv_load_policy=1&loop=0&modestbranding=0&rel=1&fs=1&playsinline=0&autohide=2&theme=dark&color=red&controls=1&\" class=\"__youtube_prefs__  no-lazyload\" title=\"YouTube player\"  allow=\"accelerometer; autoplay; clipboard-write; encrypted-media; gyroscope; picture-in-picture\" allowfullscreen data-no-lazy=\"1\" data-skipgform_ajax_framebjll=\"\"><\/iframe><br \/>\n<strong>Le 10 octobre 2017 au Th\u00e9\u00e2tre des Vari\u00e9t\u00e9s de Monaco<\/strong><\/p>\n<p style=\"text-align: center;\">[<a href=\"http:\/\/www.arsantonina.org\/biographies\/biographie-de-martin-james-bartlett\/\">Voir sa biographie<\/a>]<\/p>\n<hr \/>\n<h3 style=\"text-align: center;\"><strong>EXTRAITS DU CONCERT HOMMAGE A JACQUELINE OLLIER (1932-2014)<\/strong><\/h3>\n<h4 style=\"text-align: center;\">Pr\u00e9sidente-Fondatrice de l\u2019Association Ars Antonina<br \/>\nTh\u00e9\u00e2tre des Vari\u00e9t\u00e9s de Monaco &#8211; Mardi 3 mars 2015<\/h4>\n<hr \/>\n<p style=\"text-align: center;\"><strong>A. DVORAK : Quintette en la majeur, opus 81, I. Allegro ma non tanto<br \/>\n<\/strong>Avec :<\/p>\n<p style=\"text-align: center;\">Laurent Breuninger, violon<br \/>\nSolenne Pa\u00efdassi, violon<br \/>\nFran\u00e7ois M\u00e9reaux, alto<br \/>\nThomas Carroll, violoncelle<br \/>\nJonathan Benichou, piano<\/p>\n<p style=\"text-align: center;\"><iframe  id=\"_ytid_68392\"  width=\"750\" height=\"400\"  data-origwidth=\"750\" data-origheight=\"400\" src=\"https:\/\/www.youtube.com\/embed\/dGNS4HqqOcg?enablejsapi=1&autoplay=0&cc_load_policy=0&cc_lang_pref=&iv_load_policy=1&loop=0&modestbranding=0&rel=1&fs=1&playsinline=0&autohide=2&theme=dark&color=red&controls=1&\" class=\"__youtube_prefs__  no-lazyload\" title=\"YouTube player\"  allow=\"accelerometer; autoplay; clipboard-write; encrypted-media; gyroscope; picture-in-picture\" allowfullscreen data-no-lazy=\"1\" data-skipgform_ajax_framebjll=\"\"><\/iframe><\/p>\n<hr \/>\n<p style=\"text-align: center;\"><strong>F. SCHUBERT : Trio en mi b\u00e9mol majeur, opus 100, D929, II. Andante con moto<\/strong><br \/>\nAvec :<\/p>\n<p style=\"text-align: center;\">Laurent Breuninger, violon<br \/>\nThomas Carroll, violoncelle<br \/>\nFlorence Paumier, piano<\/p>\n<p style=\"text-align: center;\"><iframe  id=\"_ytid_20340\"  width=\"750\" height=\"400\"  data-origwidth=\"750\" data-origheight=\"400\" src=\"https:\/\/www.youtube.com\/embed\/G9fCH5n_en0?enablejsapi=1&autoplay=0&cc_load_policy=0&cc_lang_pref=&iv_load_policy=1&loop=0&modestbranding=0&rel=1&fs=1&playsinline=0&autohide=2&theme=dark&color=red&controls=1&\" class=\"__youtube_prefs__  no-lazyload\" title=\"YouTube player\"  allow=\"accelerometer; autoplay; clipboard-write; encrypted-media; gyroscope; picture-in-picture\" allowfullscreen data-no-lazy=\"1\" data-skipgform_ajax_framebjll=\"\"><\/iframe><\/p>\n<hr \/>\n<p style=\"text-align: center;\"><strong>G. GERSCHWIN : Trois Pr\u00e9ludes, III. Allegro ben ritmato e deciso<br \/>\n<\/strong>Avec :<\/p>\n<p style=\"text-align: center;\">Michel Lethiec, clarinett<br \/>\nJonathan Benichou, piano<\/p>\n<p style=\"text-align: center;\"><iframe  id=\"_ytid_68401\"  width=\"750\" height=\"400\"  data-origwidth=\"750\" data-origheight=\"400\" src=\"https:\/\/www.youtube.com\/embed\/hEgmL81vcDM?enablejsapi=1&autoplay=0&cc_load_policy=0&cc_lang_pref=&iv_load_policy=1&loop=0&modestbranding=0&rel=1&fs=1&playsinline=0&autohide=2&theme=dark&color=red&controls=1&\" class=\"__youtube_prefs__  no-lazyload\" title=\"YouTube player\"  allow=\"accelerometer; autoplay; clipboard-write; encrypted-media; gyroscope; picture-in-picture\" allowfullscreen data-no-lazy=\"1\" data-skipgform_ajax_framebjll=\"\"><\/iframe><\/p>\n<hr \/>\n<p style=\"text-align: center;\"><strong>C. FRANCK : Sonate pour violon et piano en la majeur, IV. Allegretto poco mosso<br \/>\n<\/strong>Avec :<\/p>\n<p style=\"text-align: center;\">Solenne Paidassi, violon<br \/>\nJonathan Benichou, piano<\/p>\n<p style=\"text-align: center;\"><iframe  id=\"_ytid_95412\"  width=\"750\" height=\"400\"  data-origwidth=\"750\" data-origheight=\"400\" src=\"https:\/\/www.youtube.com\/embed\/TCQJNIFc_SQ?enablejsapi=1&autoplay=0&cc_load_policy=0&cc_lang_pref=&iv_load_policy=1&loop=0&modestbranding=0&rel=1&fs=1&playsinline=0&autohide=2&theme=dark&color=red&controls=1&\" class=\"__youtube_prefs__  no-lazyload\" title=\"YouTube player\"  allow=\"accelerometer; autoplay; clipboard-write; encrypted-media; gyroscope; picture-in-picture\" allowfullscreen data-no-lazy=\"1\" data-skipgform_ajax_framebjll=\"\"><\/iframe><\/p>\n<hr \/>\n<p style=\"text-align: center;\"><strong>S. RACHMANINOV : Sonate en sol mineur, opus 19, III. Andante<br \/>\n<\/strong>Avec :<\/p>\n<p style=\"text-align: center;\">Thomas Carroll, violoncelle<br \/>\nAnthony Hewitt, piano<\/p>\n<p style=\"text-align: center;\"><iframe  id=\"_ytid_21544\"  width=\"750\" height=\"400\"  data-origwidth=\"750\" data-origheight=\"400\" src=\"https:\/\/www.youtube.com\/embed\/llABGscWWoE?enablejsapi=1&autoplay=0&cc_load_policy=0&cc_lang_pref=&iv_load_policy=1&loop=0&modestbranding=0&rel=1&fs=1&playsinline=0&autohide=2&theme=dark&color=red&controls=1&\" class=\"__youtube_prefs__  no-lazyload\" title=\"YouTube player\"  allow=\"accelerometer; autoplay; clipboard-write; encrypted-media; gyroscope; picture-in-picture\" allowfullscreen data-no-lazy=\"1\" data-skipgform_ajax_framebjll=\"\"><\/iframe><\/p>\n<hr \/>\n<p style=\"text-align: center;\"><strong>J.S. BACH : Sonate pour violon n\u00b0 3 en mi majeur, BWV 1016, III. Largo<br \/>\n<\/strong>Avec :<\/p>\n<p style=\"text-align: center;\">Laurent Breuninger, violon<br \/>\nAnthony Hewitt, piano<\/p>\n<p style=\"text-align: center;\"><iframe  id=\"_ytid_70550\"  width=\"750\" height=\"400\"  data-origwidth=\"750\" data-origheight=\"400\" src=\"https:\/\/www.youtube.com\/embed\/h2O6kKtE628?enablejsapi=1&autoplay=0&cc_load_policy=0&cc_lang_pref=&iv_load_policy=1&loop=0&modestbranding=0&rel=1&fs=1&playsinline=0&autohide=2&theme=dark&color=red&controls=1&\" class=\"__youtube_prefs__  no-lazyload\" title=\"YouTube player\"  allow=\"accelerometer; autoplay; clipboard-write; encrypted-media; gyroscope; picture-in-picture\" allowfullscreen data-no-lazy=\"1\" data-skipgform_ajax_framebjll=\"\"><\/iframe><\/p>\n<hr \/>\n<p>&nbsp;<\/p>\n","protected":false},"excerpt":{"rendered":"<p>Extraits de nos r\u00e9citals des saisons pass\u00e9es Virtuoses laur\u00e9ats de concours internationaux Au th\u00e9\u00e2tre des Vari\u00e9t\u00e9s de Monaco &nbsp; Anna Tsybuleva Le 26 avril 2017 au Th\u00e9\u00e2tre des Vari\u00e9t\u00e9s de Monaco [Voir sa biographie] Michael Petrov &#038; Alexander Ullman \u00a0Le 8 mars 2017 au Th\u00e9\u00e2tre des Vari\u00e9t\u00e9s de Monaco [Voir leur biographie] Martin James Bartlett [&hellip;]<\/p>\n","protected":false},"author":1,"featured_media":948,"parent":0,"menu_order":0,"comment_status":"closed","ping_status":"open","template":"","meta":{"ngg_post_thumbnail":0},"_links":{"self":[{"href":"https:\/\/www.arsantonina.org\/en\/wp-json\/wp\/v2\/pages\/831"}],"collection":[{"href":"https:\/\/www.arsantonina.org\/en\/wp-json\/wp\/v2\/pages"}],"about":[{"href":"https:\/\/www.arsantonina.org\/en\/wp-json\/wp\/v2\/types\/page"}],"author":[{"embeddable":true,"href":"https:\/\/www.arsantonina.org\/en\/wp-json\/wp\/v2\/users\/1"}],"replies":[{"embeddable":true,"href":"https:\/\/www.arsantonina.org\/en\/wp-json\/wp\/v2\/comments?post=831"}],"version-history":[{"count":45,"href":"https:\/\/www.arsantonina.org\/en\/wp-json\/wp\/v2\/pages\/831\/revisions"}],"predecessor-version":[{"id":2674,"href":"https:\/\/www.arsantonina.org\/en\/wp-json\/wp\/v2\/pages\/831\/revisions\/2674"}],"wp:featuredmedia":[{"embeddable":true,"href":"https:\/\/www.arsantonina.org\/en\/wp-json\/wp\/v2\/media\/948"}],"wp:attachment":[{"href":"https:\/\/www.arsantonina.org\/en\/wp-json\/wp\/v2\/media?parent=831"}],"curies":[{"name":"wp","href":"https:\/\/api.w.org\/{rel}","templated":true}]}}