{"id":815,"date":"2017-03-23T11:08:10","date_gmt":"2017-03-23T11:08:10","guid":{"rendered":"http:\/\/www.arsantonina.org\/?page_id=815"},"modified":"2022-11-24T00:59:22","modified_gmt":"2022-11-24T00:59:22","slug":"salles-de-spectacles","status":"publish","type":"page","link":"https:\/\/www.arsantonina.org\/en\/salles-de-spectacles\/","title":{"rendered":"Salles de spectacles"},"content":{"rendered":"<h2 style=\"text-align: left;\">Th\u00e9atre des Vari\u00e9t\u00e9s de Monaco<\/h2>\n<p><strong>1, Boulevard\u00a0Albert 1er &#8211; Monaco<\/strong><\/p>\n<table style=\"undefined;table-layout: fixed; width: 800px;\">\n<colgroup>\n<col style=\"width: 400px;\" \/>\n<col style=\"width: 400px;\" \/> <\/colgroup>\n<tbody>\n<tr>\n<th>Plan d&#8217;acc\u00e8s<\/th>\n<th>Photos<\/th>\n<\/tr>\n<tr>\n<td><iframe loading=\"lazy\" style=\"border: 0;\" src=\"https:\/\/www.google.com\/maps\/embed?pb=!1m18!1m12!1m3!1d2882.912941075689!2d7.419605215912653!3d43.733135379118586!2m3!1f0!2f0!3f0!3m2!1i1024!2i768!4f13.1!3m3!1m2!1s0x12cdc28c2e8ed759%3A0x4ec7792fd6d5c556!2zVGjDqcOidHJlIGRlcyBWYXJpw6l0w6lz!5e0!3m2!1sfr!2sus!4v1491215497741\" width=\"380\" height=\"330\" frameborder=\"0\" allowfullscreen=\"allowfullscreen\"><\/iframe><\/td>\n<td style=\"text-align: center;\">\n<p>\n<div class=\"wk-gallery wk-gallery-wall clearfix zoom margin \">\n\n\t\t\n\t\t\t\n\t\t\t\t\t<a class=\"\" href=\"\/wp-content\/uploads\/monaco\/P1030219.JPG\" data-lightbox=\"group:2620-69f19b5ed4e2a\" title=\"P1030219\" ><img src=\"\/wp-content\/plugins\/widgetkit\/cache\/gallery\/2620\/P1030219-fade2d77d4.JPG\" width=\"190\" height=\"120\" alt=\"P1030219\" \/><\/a>\n\t\t\t\t\n\t\t\n\t\t\t\n\t\t\t\t\t<a class=\"\" href=\"\/wp-content\/uploads\/monaco\/P1030222.JPG\" data-lightbox=\"group:2620-69f19b5ed4e2a\" title=\"P1030222\" ><img src=\"\/wp-content\/plugins\/widgetkit\/cache\/gallery\/2620\/P1030222-9dc8bdbbe4.JPG\" width=\"190\" height=\"120\" alt=\"P1030222\" \/><\/a>\n\t\t\t\t\n\t\t\n\t\t\t\n\t\t\t\t\t<a class=\"\" href=\"\/wp-content\/uploads\/monaco\/P1030251.JPG\" data-lightbox=\"group:2620-69f19b5ed4e2a\" title=\"P1030251\" ><img src=\"\/wp-content\/plugins\/widgetkit\/cache\/gallery\/2620\/P1030251-1eeba32c7e.JPG\" width=\"190\" height=\"120\" alt=\"P1030251\" \/><\/a>\n\t\t\t\t\n\t\t\n\t\t\t\n\t\t\t\t\t<a class=\"\" href=\"\/wp-content\/uploads\/monaco\/P1030281.JPG\" data-lightbox=\"group:2620-69f19b5ed4e2a\" title=\"P1030281\" ><img src=\"\/wp-content\/plugins\/widgetkit\/cache\/gallery\/2620\/P1030281-efad5445ec.JPG\" width=\"190\" height=\"120\" alt=\"P1030281\" \/><\/a>\n\t\t\t\t\n\t\n<\/div>\n\n<\/td>\n<\/tr>\n<\/tbody>\n<\/table>\n<p>Le Th\u00e9\u00e2tre des Vari\u00e9t\u00e9s est une salle \u00e9quip\u00e9e de 350 places mise principalement \u00e0 la disposition des associations culturelles mon\u00e9gasques.<\/p>\n<p>Il accueille ainsi de nombreuses manifestations culturelles ayant attrait au domaine du th\u00e9atre, de la danse, de la musique, du cin\u00e9ma, mais \u00e9galement des conf\u00e9rences, r\u00e9unions et colloques.<\/p>\n<h2 style=\"text-align: left;\"><\/h2>\n<hr \/>\n<hr \/>\n<h2 style=\"text-align: left;\">Auditorium de la\u00a0Biblioth\u00e8que Louis Nuc\u00e9ra<\/h2>\n<div class=\"sub-genre\"><strong><span class=\"adr\"><span class=\"street-address\">2 Place Yves Klein<\/span>\u00a0&#8211; Nice<\/span><\/strong><\/div>\n<table style=\"undefined;table-layout: fixed; width: 800px;\">\n<colgroup>\n<col style=\"width: 400px;\" \/>\n<col style=\"width: 400px;\" \/> <\/colgroup>\n<tbody>\n<tr>\n<th>Plan d&#8217;acc\u00e8s<\/th>\n<th>\u00a0Photos<\/th>\n<\/tr>\n<tr>\n<td><iframe loading=\"lazy\" style=\"border: 0;\" src=\"https:\/\/www.google.com\/maps\/embed?pb=!1m18!1m12!1m3!1d2884.4320850814865!2d7.276430650905997!3d43.7015688572176!2m3!1f0!2f0!3f0!3m2!1i1024!2i768!4f13.1!3m3!1m2!1s0x12cddabaeb92e07b%3A0x8c2f579d32ded1a1!2sBiblioth%C3%A8que+Louis+Nuc%C3%A9ra!5e0!3m2!1sfr!2sfr!4v1491818589620\" width=\"380\" height=\"330\" frameborder=\"0\" allowfullscreen=\"allowfullscreen\"><\/iframe><\/td>\n<td align=\"center\">\n<div class=\"wk-gallery wk-gallery-wall clearfix zoom margin \">\n\n\t\t\n\t\t\t\n\t\t\t\t\t<a class=\"\" href=\"\/wp-content\/uploads\/yootheme\/widgetkit\/gallery\/zoom\/Auditorium 2.jpg\" data-lightbox=\"group:1257-69f19b5ed5846\" title=\"Auditorium 2\" ><img src=\"\/wp-content\/plugins\/widgetkit\/cache\/gallery\/1257\/Auditorium 2-93ffc1c08f.jpg\" width=\"190\" height=\"120\" alt=\"Auditorium 2\" \/><\/a>\n\t\t\t\t\n\t\t\n\t\t\t\n\t\t\t\t\t<a class=\"\" href=\"\/wp-content\/uploads\/yootheme\/widgetkit\/gallery\/zoom\/P1020730.jpg\" data-lightbox=\"group:1257-69f19b5ed5846\" title=\"P1020730\" ><img src=\"\/wp-content\/plugins\/widgetkit\/cache\/gallery\/1257\/P1020730-2cde0a58aa.jpg\" width=\"190\" height=\"120\" alt=\"P1020730\" \/><\/a>\n\t\t\t\t\n\t\t\n\t\t\t\n\t\t\t\t\t<a class=\"\" href=\"\/wp-content\/uploads\/yootheme\/widgetkit\/gallery\/zoom\/P1020733.jpg\" data-lightbox=\"group:1257-69f19b5ed5846\" title=\"P1020733\" ><img src=\"\/wp-content\/plugins\/widgetkit\/cache\/gallery\/1257\/P1020733-ca0ce754d5.jpg\" width=\"190\" height=\"120\" alt=\"P1020733\" \/><\/a>\n\t\t\t\t\n\t\t\n\t\t\t\n\t\t\t\t\t<a class=\"\" href=\"\/wp-content\/uploads\/yootheme\/widgetkit\/gallery\/zoom\/P1020746.jpg\" data-lightbox=\"group:1257-69f19b5ed5846\" title=\"P1020746\" ><img src=\"\/wp-content\/plugins\/widgetkit\/cache\/gallery\/1257\/P1020746-7e5a36782c.jpg\" width=\"190\" height=\"120\" alt=\"P1020746\" \/><\/a>\n\t\t\t\t\n\t\n<\/div>\n\n<\/td>\n<\/tr>\n<\/tbody>\n<\/table>\n","protected":false},"excerpt":{"rendered":"<p>Th\u00e9atre des Vari\u00e9t\u00e9s de Monaco 1, Boulevard\u00a0Albert 1er &#8211; Monaco Plan d&#8217;acc\u00e8s Photos Le Th\u00e9\u00e2tre des Vari\u00e9t\u00e9s est une salle \u00e9quip\u00e9e de 350 places mise principalement \u00e0 la disposition des associations culturelles mon\u00e9gasques. Il accueille ainsi de nombreuses manifestations culturelles ayant attrait au domaine du th\u00e9atre, de la danse, de la musique, du cin\u00e9ma, mais [&hellip;]<\/p>\n","protected":false},"author":1,"featured_media":951,"parent":0,"menu_order":0,"comment_status":"closed","ping_status":"closed","template":"","meta":{"ngg_post_thumbnail":0},"_links":{"self":[{"href":"https:\/\/www.arsantonina.org\/en\/wp-json\/wp\/v2\/pages\/815"}],"collection":[{"href":"https:\/\/www.arsantonina.org\/en\/wp-json\/wp\/v2\/pages"}],"about":[{"href":"https:\/\/www.arsantonina.org\/en\/wp-json\/wp\/v2\/types\/page"}],"author":[{"embeddable":true,"href":"https:\/\/www.arsantonina.org\/en\/wp-json\/wp\/v2\/users\/1"}],"replies":[{"embeddable":true,"href":"https:\/\/www.arsantonina.org\/en\/wp-json\/wp\/v2\/comments?post=815"}],"version-history":[{"count":47,"href":"https:\/\/www.arsantonina.org\/en\/wp-json\/wp\/v2\/pages\/815\/revisions"}],"predecessor-version":[{"id":3577,"href":"https:\/\/www.arsantonina.org\/en\/wp-json\/wp\/v2\/pages\/815\/revisions\/3577"}],"wp:featuredmedia":[{"embeddable":true,"href":"https:\/\/www.arsantonina.org\/en\/wp-json\/wp\/v2\/media\/951"}],"wp:attachment":[{"href":"https:\/\/www.arsantonina.org\/en\/wp-json\/wp\/v2\/media?parent=815"}],"curies":[{"name":"wp","href":"https:\/\/api.w.org\/{rel}","templated":true}]}}