{"id":809,"date":"2017-03-23T11:06:45","date_gmt":"2017-03-23T11:06:45","guid":{"rendered":"http:\/\/www.arsantonina.org\/?page_id=809"},"modified":"2017-04-04T08:04:30","modified_gmt":"2017-04-04T08:04:30","slug":"qui-sommes-nous","status":"publish","type":"page","link":"https:\/\/www.arsantonina.org\/en\/qui-sommes-nous\/","title":{"rendered":"Qui sommes-nous ?"},"content":{"rendered":"<p style=\"text-align: justify;\">Depuis 30 ans, l\u2019Association Ars Antonina poursuit\u00a0sa mission de d\u00e9couvrir, soutenir et promouvoir les\u00a0jeunes talents, au cours de leurs \u00e9tudes et au d\u00e9but de\u00a0leur carri\u00e8re, en organisant :<\/p>\n<p style=\"text-align: justify;\"><img decoding=\"async\" loading=\"lazy\" class=\"alignleft wp-image-1155\" src=\"http:\/\/www.arsantonina.org\/wp-content\/uploads\/roman-rechetkine.jpg\" alt=\"\" width=\"286\" height=\"212\" hspace=\"10\" srcset=\"https:\/\/www.arsantonina.org\/wp-content\/uploads\/roman-rechetkine.jpg 500w, https:\/\/www.arsantonina.org\/wp-content\/uploads\/roman-rechetkine-405x300.jpg 405w, https:\/\/www.arsantonina.org\/wp-content\/uploads\/roman-rechetkine-300x222.jpg 300w\" sizes=\"(max-width: 286px) 100vw, 286px\" \/>&#8211; Une saison annuelle de concerts \u00e0 Monaco et Nice\u00a0permettant de produire sur sc\u00e8ne non seulement\u00a0des jeunes prometteurs issus des conservatoires du\u00a0d\u00e9partement, mais aussi des virtuoses \u00e9trangers\u00a0dont les laur\u00e9ats de concours internationaux ;<br \/>\n&#8211; Des master class anim\u00e9s par de grands interpr\u00e8tes ;<br \/>\n&#8211; Une acad\u00e9mie internationale de musique qui attire\u00a0des \u00e9tudiants du monde entier ;<br \/>\n&#8211; Des rencontres avec les professeurs de renom ;<br \/>\n&#8211; Un suivi de l\u2019\u00e9volution artistique de chaque\u00a0talent.<\/p>\n<p>&nbsp;<\/p>\n<p style=\"text-align: justify;\"><img decoding=\"async\" loading=\"lazy\" class=\" wp-image-1167 alignright\" src=\"http:\/\/www.arsantonina.org\/wp-content\/uploads\/Solenne-Pai\u0308dassi.jpg\" alt=\"\" width=\"298\" height=\"217\" srcset=\"https:\/\/www.arsantonina.org\/wp-content\/uploads\/Solenne-Pai\u0308dassi.jpg 400w, https:\/\/www.arsantonina.org\/wp-content\/uploads\/Solenne-Pai\u0308dassi-300x219.jpg 300w\" sizes=\"(max-width: 298px) 100vw, 298px\" \/><\/p>\n<p style=\"text-align: justify;\">Ars Antonina a remarqu\u00e9 et soutenu de jeunes talents de la r\u00e9gion, qui ont depuis fait leur chemin : Thierry Amadi, Gilles Apap, Jocelyn Aubrun,\u00a0Jonathan B\u00e9nichou, Lionel Bringuier, David\u00a0Kadouch, Delphine Liz\u00e9, C\u00e9cile Maudire, Coline\u00a0Marie Orliac et Solenne Pa\u00efdassi.<\/p>\n<p style=\"text-align: justify;\">Tous se sont\u00a0produits d\u00e8s leur plus jeune \u00e2ge devant un public\u00a0gr\u00e2ce \u00e0 l\u2019Association.<\/p>\n<p style=\"text-align: justify;\">De m\u00eame, beaucoup de musiciens \u00e9trangers ayant\u00a0acquis aujourd\u2019hui une renomm\u00e9e internationale,\u00a0tels que Ji Liu, ont \u00e9t\u00e9 entendus pour la premi\u00e8re fois\u00a0\u00e0 Monaco et sur la C\u00f4te d\u2019Azur gr\u00e2ce \u00e0 l\u2019Association\u00a0Ars Antonina.<\/p>\n<p>&nbsp;<\/p>\n<hr \/>\n<h3 style=\"text-align: justify;\">Les artistes<\/h3>\n<p>Remarqu\u00e9s et soutenus par Ars Antonina ayant poursuivis une brillante carri\u00e8re :<\/p>\n<p style=\"text-align: justify;\">\n<div class=\"wk-gallery wk-gallery-wall clearfix round margin \">\n\n\t\t\n\t\t\t\n\t\t\t\t\t<a class=\"\" href=\"http:\/\/davidkadouch.com\/\"  data-spotlight=\"effect:bottom\"><img src=\"\/wp-content\/plugins\/widgetkit\/cache\/gallery\/1174\/David-Kadouch-aa16bfd6ed.jpg\" width=\"157\" height=\"209\" alt=\"David-Kadouch\" \/><div class=\"overlay\">David Kadouch<\/div><\/a>\n\t\t\t\t\n\t\t\n\t\t\t\n\t\t\t\t\t<a class=\"\" href=\"http:\/\/www.solenne-paidassi.com\/\"  data-spotlight=\"effect:bottom\"><img src=\"\/wp-content\/plugins\/widgetkit\/cache\/gallery\/1174\/solenne-paidassi-9fec7fe313.jpg\" width=\"157\" height=\"209\" alt=\"solenne-paidassi\" \/><div class=\"overlay\">Solenne Pa\u00efdassi<\/div><\/a>\n\t\t\t\t\n\t\t\n\t\t\t\n\t\t\t\t\t<div ><img src=\"\/wp-content\/plugins\/widgetkit\/cache\/gallery\/1174\/Jonathan-B\u00e9nichou,-7f0ce74e57.jpg\" width=\"157\" height=\"209\" alt=\"Jonathan-B\u00e9nichou,\" \/><\/div>\n\t\t\t\t\n\t\t\n\t\t\t\n\t\t\t\t\t<a class=\"\" href=\"http:\/\/www.colinemarieorliac.com\/\"  data-spotlight=\"effect:bottom\"><img src=\"\/wp-content\/plugins\/widgetkit\/cache\/gallery\/1174\/Coline-Marie-Orliac-14f0cbdff1.jpg\" width=\"157\" height=\"209\" alt=\"Coline-Marie-Orliac\" \/><div class=\"overlay\">Coline Marie Orliac<\/div><\/a>\n\t\t\t\t\n\t\t\n\t\t\t\n\t\t\t\t\t<a class=\"\" href=\"http:\/\/gillesapap.com\/gillesapap\/\"  data-spotlight=\"effect:bottom\"><img src=\"\/wp-content\/plugins\/widgetkit\/cache\/gallery\/1174\/Gilles-Apap-628e0baa19.jpg\" width=\"157\" height=\"209\" alt=\"Gilles-Apap\" \/><div class=\"overlay\">Gilles Apap<\/div><\/a>\n\t\t\t\t\n\t\t\n\t\t\t\n\t\t\t\t\t<a class=\"\" href=\"http:\/\/lionelbringuier.com\/?lang=fr\"  data-spotlight=\"effect:bottom\"><img src=\"\/wp-content\/plugins\/widgetkit\/cache\/gallery\/1174\/Lionel-Bringuier-5e7dcfb34d.jpg\" width=\"157\" height=\"209\" alt=\"Lionel-Bringuier\" \/><div class=\"overlay\">Lionel Bringuier<\/div><\/a>\n\t\t\t\t\n\t\t\n\t\t\t\n\t\t\t\t\t<a class=\"\" href=\"http:\/\/jocelynaubrun.fr\/\"  data-spotlight=\"effect:bottom\"><img src=\"\/wp-content\/plugins\/widgetkit\/cache\/gallery\/1174\/Jocelyn-Aubrun-968889dc64.jpg\" width=\"157\" height=\"209\" alt=\"Jocelyn-Aubrun\" \/><div class=\"overlay\">Jocelyn Aubrun<\/div><\/a>\n\t\t\t\t\n\t\t\n\t\t\t\n\t\t\t\t\t<div ><img src=\"\/wp-content\/plugins\/widgetkit\/cache\/gallery\/1174\/Delphine-Liz\u00e9-fcefe2b2e8.jpg\" width=\"157\" height=\"209\" alt=\"Delphine-Liz\u00e9\" \/><\/div>\n\t\t\t\t\n\t\t\n\t\t\t\n\t\t\t\t\t<div ><img src=\"\/wp-content\/plugins\/widgetkit\/cache\/gallery\/1174\/C\u00e9cile-Maudire-b364b1bc0a.jpg\" width=\"157\" height=\"209\" alt=\"C\u00e9cile-Maudire\" \/><\/div>\n\t\t\t\t\n\t\t\n\t\t\t\n\t\t\t\t\t<a class=\"\" href=\"https:\/\/www.facebook.com\/thierry.amadi\"  data-spotlight=\"effect:bottom\"><img src=\"\/wp-content\/plugins\/widgetkit\/cache\/gallery\/1174\/Thierry-Amadi-4571168bec.jpg\" width=\"157\" height=\"209\" alt=\"Thierry-Amadi\" \/><div class=\"overlay\">Thierry Amadi<\/div><\/a>\n\t\t\t\t\n\t\n<\/div>\n\n<\/p>\n<p>&nbsp;<\/p>\n","protected":false},"excerpt":{"rendered":"<p>Depuis 30 ans, l\u2019Association Ars Antonina poursuit\u00a0sa mission de d\u00e9couvrir, soutenir et promouvoir les\u00a0jeunes talents, au cours de leurs \u00e9tudes et au d\u00e9but de\u00a0leur carri\u00e8re, en organisant : &#8211; Une saison annuelle de concerts \u00e0 Monaco et Nice\u00a0permettant de produire sur sc\u00e8ne non seulement\u00a0des jeunes prometteurs issus des conservatoires du\u00a0d\u00e9partement, mais aussi des virtuoses \u00e9trangers\u00a0dont [&hellip;]<\/p>\n","protected":false},"author":1,"featured_media":937,"parent":0,"menu_order":0,"comment_status":"closed","ping_status":"open","template":"","meta":{"ngg_post_thumbnail":0},"_links":{"self":[{"href":"https:\/\/www.arsantonina.org\/en\/wp-json\/wp\/v2\/pages\/809"}],"collection":[{"href":"https:\/\/www.arsantonina.org\/en\/wp-json\/wp\/v2\/pages"}],"about":[{"href":"https:\/\/www.arsantonina.org\/en\/wp-json\/wp\/v2\/types\/page"}],"author":[{"embeddable":true,"href":"https:\/\/www.arsantonina.org\/en\/wp-json\/wp\/v2\/users\/1"}],"replies":[{"embeddable":true,"href":"https:\/\/www.arsantonina.org\/en\/wp-json\/wp\/v2\/comments?post=809"}],"version-history":[{"count":30,"href":"https:\/\/www.arsantonina.org\/en\/wp-json\/wp\/v2\/pages\/809\/revisions"}],"predecessor-version":[{"id":1216,"href":"https:\/\/www.arsantonina.org\/en\/wp-json\/wp\/v2\/pages\/809\/revisions\/1216"}],"wp:featuredmedia":[{"embeddable":true,"href":"https:\/\/www.arsantonina.org\/en\/wp-json\/wp\/v2\/media\/937"}],"wp:attachment":[{"href":"https:\/\/www.arsantonina.org\/en\/wp-json\/wp\/v2\/media?parent=809"}],"curies":[{"name":"wp","href":"https:\/\/api.w.org\/{rel}","templated":true}]}}