{"id":797,"date":"2017-03-23T10:02:29","date_gmt":"2017-03-23T10:02:29","guid":{"rendered":"http:\/\/www.arsantonina.org\/?page_id=797"},"modified":"2022-03-06T16:14:56","modified_gmt":"2022-03-06T16:14:56","slug":"saison-actuelle","status":"publish","type":"page","link":"https:\/\/www.arsantonina.org\/en\/saison-actuelle\/","title":{"rendered":"Saison actuelle"},"content":{"rendered":"<h2 class=\"uk-h5\" style=\"text-align: center;\"><strong>&nbsp;PROGRAMME ARTISTIQUE<br \/>\n2021 &#8211; 2022<\/strong><strong>&nbsp;<\/strong><\/h2>\n<p>&nbsp;<\/p>\n<p style=\"text-align: center;\"><strong>Mardi 6 avril 2021 \u00e0 16h<\/strong><\/p>\n<p style=\"text-align: center;\">Biblioth\u00e8que Louis Nuc\u00e9ra de Nice<\/p>\n<p style=\"text-align: center;\">Concert des Ados<\/p>\n<p style=\"text-align: center;\">El\u00e8ves prometteurs de moins de 19 ans<\/p>\n<p style=\"text-align: center;\">Issus des Conservatoires du D\u00e9partement des Alpes Maritimes<\/p>\n<p style=\"text-align: center;\">Entr\u00e9e Libre<\/p>\n<p style=\"text-align: center;\">ANNULE \u00e0 cause de l\u2019\u00e9pid\u00e9mie de coronavirus.<\/p>\n<p style=\"text-align: center;\"><strong>&nbsp;<\/strong><\/p>\n<p>&nbsp;<\/p>\n<p style=\"text-align: center;\"><strong>Mardi 11 mai 2021 \u00e0 16h<\/strong><\/p>\n<p style=\"text-align: center;\">Biblioth\u00e8que Louis Nuc\u00e9ra de Nice<\/p>\n<p style=\"text-align: center;\">Concert de musique de chambre<\/p>\n<p style=\"text-align: center;\">par les \u00e9l\u00e8ves du Conservatoire CNRR de Nice<\/p>\n<p style=\"text-align: center;\">Entr\u00e9e Libre<\/p>\n<p style=\"text-align: center;\">ANNULE \u00e0 cause de l\u2019\u00e9pid\u00e9mie de coronavirus.<\/p>\n<p>&nbsp;<\/p>\n<p>&nbsp;<\/p>\n<p style=\"text-align: center;\"><strong>Samedi 4 d\u00e9cembre 2021 \u00e0 15h<\/strong><\/p>\n<p style=\"text-align: center;\">Bibliot\u00e8que Louis Nuc\u00e9ra de Nice<\/p>\n<p style=\"text-align: center;\">Concert de No\u00ebl<\/p>\n<p style=\"text-align: center;\">Concert de jeunes talents de moins de 13 ans<\/p>\n<p style=\"text-align: center;\">issus des Conservatoires du D\u00e9partement des Alpes-Maritimes<\/p>\n<p style=\"text-align: center;\">Entr\u00e9e libre<\/p>\n<p>&nbsp;<\/p>\n<p>&nbsp;<\/p>\n<p style=\"text-align: center;\"><strong>Mardi 1 f\u00e9vrier 2022 \u00e0 16h<\/strong><\/p>\n<p style=\"text-align: center;\">Biblioth\u00e8que Louis Nuc\u00e9ra de Nice<\/p>\n<p style=\"text-align: center;\">Concert des candidats aux Concours CNSM de Paris et de Lyon<\/p>\n<p style=\"text-align: center;\">Entr\u00e9e libre<\/p>\n<p style=\"text-align: center;\">&nbsp;<\/p>\n<p style=\"text-align: center;\">&nbsp;<\/p>\n","protected":false},"excerpt":{"rendered":"<p>&nbsp;PROGRAMME ARTISTIQUE 2021 &#8211; 2022&nbsp; &nbsp; Mardi 6 avril 2021 \u00e0 16h Biblioth\u00e8que Louis Nuc\u00e9ra de Nice Concert des Ados El\u00e8ves prometteurs de moins de 19 ans Issus des Conservatoires du D\u00e9partement des Alpes Maritimes Entr\u00e9e Libre ANNULE \u00e0 cause de l\u2019\u00e9pid\u00e9mie de coronavirus. &nbsp; &nbsp; Mardi 11 mai 2021 \u00e0 16h Biblioth\u00e8que Louis Nuc\u00e9ra [&hellip;]<\/p>\n","protected":false},"author":1,"featured_media":926,"parent":0,"menu_order":0,"comment_status":"closed","ping_status":"closed","template":"","meta":{"ngg_post_thumbnail":0},"_links":{"self":[{"href":"https:\/\/www.arsantonina.org\/en\/wp-json\/wp\/v2\/pages\/797"}],"collection":[{"href":"https:\/\/www.arsantonina.org\/en\/wp-json\/wp\/v2\/pages"}],"about":[{"href":"https:\/\/www.arsantonina.org\/en\/wp-json\/wp\/v2\/types\/page"}],"author":[{"embeddable":true,"href":"https:\/\/www.arsantonina.org\/en\/wp-json\/wp\/v2\/users\/1"}],"replies":[{"embeddable":true,"href":"https:\/\/www.arsantonina.org\/en\/wp-json\/wp\/v2\/comments?post=797"}],"version-history":[{"count":101,"href":"https:\/\/www.arsantonina.org\/en\/wp-json\/wp\/v2\/pages\/797\/revisions"}],"predecessor-version":[{"id":3520,"href":"https:\/\/www.arsantonina.org\/en\/wp-json\/wp\/v2\/pages\/797\/revisions\/3520"}],"wp:featuredmedia":[{"embeddable":true,"href":"https:\/\/www.arsantonina.org\/en\/wp-json\/wp\/v2\/media\/926"}],"wp:attachment":[{"href":"https:\/\/www.arsantonina.org\/en\/wp-json\/wp\/v2\/media?parent=797"}],"curies":[{"name":"wp","href":"https:\/\/api.w.org\/{rel}","templated":true}]}}