{"id":3609,"date":"2023-03-09T09:20:10","date_gmt":"2023-03-09T09:20:10","guid":{"rendered":"https:\/\/www.arsantonina.org\/?page_id=3609"},"modified":"2023-03-09T10:05:05","modified_gmt":"2023-03-09T10:05:05","slug":"saison-2021-2022","status":"publish","type":"page","link":"https:\/\/www.arsantonina.org\/en\/saison-2021-2022\/","title":{"rendered":"Saison 2021 &#8211; 2022"},"content":{"rendered":"\n<p class=\"has-text-align-center\">***<\/p>\n\n\n\n<p><\/p>\n\n\n\n<p class=\"has-text-align-center\"><strong>Samedi 4 d\u00e9cembre 2021 \u00e0 15h<\/strong> <\/p>\n\n\n\n<p class=\"has-text-align-center\">Biblioth\u00e8que Louis Nuc\u00e9ra de Nice <\/p>\n\n\n\n<p class=\"has-text-align-center\">Concert de No\u00ebl Concert de jeunes talents de moins de 13 ans <\/p>\n\n\n\n<p class=\"has-text-align-center\">Issus des Conservatoires du D\u00e9partement de Alpes Maritimes. <\/p>\n\n\n\n<p class=\"has-text-align-center\">Entr\u00e9e Libre<\/p>\n\n\n\n<p class=\"has-text-align-center\">***<\/p>\n\n\n\n<p><\/p>\n\n\n\n<div class=\"is-layout-constrained wp-block-group\"><div class=\"wp-block-group__inner-container\">\n<p class=\"has-text-align-center\"><strong>Mardi 1 f\u00e9vrier 2022 \u00e0 16h <\/strong><\/p>\n\n\n\n<p class=\"has-text-align-center\">Biblioth\u00e8que Louis Nuc\u00e9ra de Nice <\/p>\n\n\n\n<p class=\"has-text-align-center\">Concert des candidats aux Concours CNSM de Paris et de Lyon <\/p>\n\n\n\n<p class=\"has-text-align-center\">Entr\u00e9e libre <\/p>\n<\/div><\/div>\n\n\n\n<p class=\"has-text-align-center\">***<\/p>\n\n\n\n<p><\/p>\n\n\n\n<p class=\"has-text-align-center\"><strong>Mardi 5 avril 2022 \u00e0 16h<\/strong> <\/p>\n\n\n\n<p class=\"has-text-align-center\">Biblioth\u00e8que Louis Nuc\u00e9ra de Nice <\/p>\n\n\n\n<p class=\"has-text-align-center\">Concert des Ados <\/p>\n\n\n\n<p class=\"has-text-align-center\">El\u00e8ves prometteurs de moins de 19 ans <\/p>\n\n\n\n<p class=\"has-text-align-center\">Issus des Conservatoires du D\u00e9partement de Alpes Maritimes.  <\/p>\n\n\n\n<p class=\"has-text-align-center\">***<\/p>\n\n\n\n<p><\/p>\n\n\n\n<p class=\"has-text-align-center\"><strong>Mardi 10 mai 2022 \u00e0 16h <\/strong><\/p>\n\n\n\n<p class=\"has-text-align-center\">Biblioth\u00e8que Louis Nuc\u00e9ra de Nice<\/p>\n\n\n\n<p class=\"has-text-align-center\">Concert de musique de chambre  <\/p>\n\n\n\n<p class=\"has-text-align-center\">par les \u00e9l\u00e8ves du Conservatoire CNRR de Nice  <\/p>\n\n\n\n<p class=\"has-text-align-center\">***<\/p>\n\n\n\n<p><\/p>\n\n\n\n<p class=\"has-text-align-center\"><strong>Samedi 26 novembre 2022 \u00e0 15h<\/strong> <\/p>\n\n\n\n<p class=\"has-text-align-center\">Concert de No\u00ebl <\/p>\n\n\n\n<p class=\"has-text-align-center\">Concert de jeunes musiciens <\/p>\n\n\n\n<p class=\"has-text-align-center\">El\u00e8ves prometteurs de moins de 13 ans <\/p>\n\n\n\n<p class=\"has-text-align-center\">Issus des Conservatoires du D\u00e9partement de Alpes Maritimes. <\/p>\n\n\n\n<p class=\"has-text-align-center\">Entr\u00e9e Libre <\/p>\n\n\n\n<p class=\"has-text-align-center\"><\/p>\n","protected":false},"excerpt":{"rendered":"<p>*** Samedi 4 d\u00e9cembre 2021 \u00e0 15h Biblioth\u00e8que Louis Nuc\u00e9ra de Nice Concert de No\u00ebl Concert de jeunes talents de moins de 13 ans Issus des Conservatoires du D\u00e9partement de Alpes Maritimes. Entr\u00e9e Libre *** Mardi 1 f\u00e9vrier 2022 \u00e0 16h Biblioth\u00e8que Louis Nuc\u00e9ra de Nice Concert des candidats aux Concours CNSM de Paris et [&hellip;]<\/p>\n","protected":false},"author":3,"featured_media":0,"parent":0,"menu_order":0,"comment_status":"closed","ping_status":"closed","template":"","meta":{"ngg_post_thumbnail":0},"_links":{"self":[{"href":"https:\/\/www.arsantonina.org\/en\/wp-json\/wp\/v2\/pages\/3609"}],"collection":[{"href":"https:\/\/www.arsantonina.org\/en\/wp-json\/wp\/v2\/pages"}],"about":[{"href":"https:\/\/www.arsantonina.org\/en\/wp-json\/wp\/v2\/types\/page"}],"author":[{"embeddable":true,"href":"https:\/\/www.arsantonina.org\/en\/wp-json\/wp\/v2\/users\/3"}],"replies":[{"embeddable":true,"href":"https:\/\/www.arsantonina.org\/en\/wp-json\/wp\/v2\/comments?post=3609"}],"version-history":[{"count":6,"href":"https:\/\/www.arsantonina.org\/en\/wp-json\/wp\/v2\/pages\/3609\/revisions"}],"predecessor-version":[{"id":3638,"href":"https:\/\/www.arsantonina.org\/en\/wp-json\/wp\/v2\/pages\/3609\/revisions\/3638"}],"wp:attachment":[{"href":"https:\/\/www.arsantonina.org\/en\/wp-json\/wp\/v2\/media?parent=3609"}],"curies":[{"name":"wp","href":"https:\/\/api.w.org\/{rel}","templated":true}]}}