{"id":3474,"date":"2021-02-05T20:57:42","date_gmt":"2021-02-05T20:57:42","guid":{"rendered":"http:\/\/www.arsantonina.org\/?page_id=3474"},"modified":"2022-11-27T10:38:18","modified_gmt":"2022-11-27T10:38:18","slug":"saison-2019-2020","status":"publish","type":"page","link":"https:\/\/www.arsantonina.org\/en\/saison-2019-2020\/","title":{"rendered":"Saison 2019 &#8211; 2020"},"content":{"rendered":"\n<p class=\"has-text-align-center\"><strong>Mardi 2 avril 2019 \u00e0 16h<\/strong><br>Biblioth\u00e8que Louis Nuc\u00e9ra de Nice<br>Concert des Ados<br>El\u00e8ves prometteurs de moins de 19 ans<br> Issus des Conservatoires du D\u00e9partement de Alpes Maritimes.<br> Entr\u00e9e Libre<\/p>\n\n\n\n<p class=\"has-text-align-center\"><br> <strong>Mardi 21 mai 2019 \u00e0 16h<br> <\/strong>Biblioth\u00e8que Louis Nuc\u00e9ra de NiceConcert de musique de chambre <br> par les \u00e9l\u00e8ves du Conservatoire CNRR de Nice <br> Entr\u00e9e Libre <\/p>\n\n\n\n<p class=\"has-text-align-center\"><br> <strong>Samedi 25 mai 2019 \u00e0 16h<\/strong><br> Biblioth\u00e8que Louis Nuc\u00e9ra de Nice<br> Concert de jeunes talents<br> El\u00e8ves prometteurs de moins de 13 ans<br> Issus des Conservatoires du D\u00e9partement de Alpes Maritimes.<br> Entr\u00e9e Libre <\/p>\n\n\n\n<p class=\"has-text-align-center\"> <br> <strong>Samedi 7 d\u00e9cembre 2019 \u00e0 15h<\/strong><br> Concert de No\u00ebl<br> Concert de jeunes musiciens<br> El\u00e8ves prometteurs de moins de 13 ans<br> Issus des Conservatoires du D\u00e9partement de Alpes Maritimes.<br> Entr\u00e9e Libre <\/p>\n\n\n\n<p class=\"has-text-align-center\"><br> <strong>Mardi 4 f\u00e9vrier 2020 \u00e0 16h<br> <\/strong>Biblioth\u00e8que Louis Nuc\u00e9ra de NiceConcert des candidats aux Concours CNSM de Paris et de Lyon<br> Entr\u00e9e libre <\/p>\n\n\n\n<p class=\"has-text-align-center\"><br> <strong>Mardi 7 avril 2020 \u00e0 16h<\/strong><br> Biblioth\u00e8que Louis Nuc\u00e9ra de Nice<br> Concert des Ados<br> &nbsp;El\u00e8ves prometteurs de moins de 19 ans<br> Issus des Conservatoires du D\u00e9partement de Alpes Maritimes.<br> <strong>ANNULE \u00e0 cause de l\u2019\u00e9pid\u00e9mie de coronavirus.<\/strong> <br> <\/p>\n\n\n\n<pre class=\"wp-block-verse has-text-align-center\"><strong>Mardi 12 mai 2020 \u00e0 16h\n<\/strong>Biblioth\u00e8que Louis Nuc\u00e9ra de Nice\nConcert de musique de chambre \npar les \u00e9l\u00e8ves du Conservatoire CNRR de Nice \nEntr\u00e9e Libre\n<strong>ANNULE \u00e0 cause de l\u2019\u00e9pid\u00e9mie de coronavirus.<\/strong> \n<\/pre>\n\n\n\n<p><\/p>\n\n\n\n<p><\/p>\n","protected":false},"excerpt":{"rendered":"<p>Mardi 2 avril 2019 \u00e0 16hBiblioth\u00e8que Louis Nuc\u00e9ra de NiceConcert des AdosEl\u00e8ves prometteurs de moins de 19 ans Issus des Conservatoires du D\u00e9partement de Alpes Maritimes. Entr\u00e9e Libre Mardi 21 mai 2019 \u00e0 16h Biblioth\u00e8que Louis Nuc\u00e9ra de NiceConcert de musique de chambre par les \u00e9l\u00e8ves du Conservatoire CNRR de Nice Entr\u00e9e Libre Samedi 25 [&hellip;]<\/p>\n","protected":false},"author":3,"featured_media":0,"parent":0,"menu_order":0,"comment_status":"closed","ping_status":"closed","template":"","meta":{"ngg_post_thumbnail":0},"_links":{"self":[{"href":"https:\/\/www.arsantonina.org\/en\/wp-json\/wp\/v2\/pages\/3474"}],"collection":[{"href":"https:\/\/www.arsantonina.org\/en\/wp-json\/wp\/v2\/pages"}],"about":[{"href":"https:\/\/www.arsantonina.org\/en\/wp-json\/wp\/v2\/types\/page"}],"author":[{"embeddable":true,"href":"https:\/\/www.arsantonina.org\/en\/wp-json\/wp\/v2\/users\/3"}],"replies":[{"embeddable":true,"href":"https:\/\/www.arsantonina.org\/en\/wp-json\/wp\/v2\/comments?post=3474"}],"version-history":[{"count":7,"href":"https:\/\/www.arsantonina.org\/en\/wp-json\/wp\/v2\/pages\/3474\/revisions"}],"predecessor-version":[{"id":3595,"href":"https:\/\/www.arsantonina.org\/en\/wp-json\/wp\/v2\/pages\/3474\/revisions\/3595"}],"wp:attachment":[{"href":"https:\/\/www.arsantonina.org\/en\/wp-json\/wp\/v2\/media?parent=3474"}],"curies":[{"name":"wp","href":"https:\/\/api.w.org\/{rel}","templated":true}]}}