{"id":3294,"date":"2019-06-05T18:21:10","date_gmt":"2019-06-05T18:21:10","guid":{"rendered":"http:\/\/www.arsantonina.org\/?page_id=3294"},"modified":"2019-06-06T00:17:46","modified_gmt":"2019-06-06T00:17:46","slug":"saison-2014-2015","status":"publish","type":"page","link":"https:\/\/www.arsantonina.org\/en\/saison-2014-2015\/","title":{"rendered":"Saison 2014-2015"},"content":{"rendered":"<h4 style=\"text-align: center;\"><strong>PROGRAMME&nbsp;<\/strong><\/h4>\n<p>&nbsp;<\/p>\n<p style=\"text-align: center;\"><strong>Mercredi 10 D\u00e9cembre 2014, 17h <\/strong><\/p>\n<p style=\"text-align: center;\">au Th\u00e9\u00e2tre des Vari\u00e9t\u00e9s de Monaco<br \/>\nConcert de No\u00ebl<br \/>\nJeunes talents prometteurs de moins de 13 ans<br \/>\nissus des Conservatoires des Alpes-Maritimes<br \/>\nTarif Adulte : 25\u20ac \/ Membre : 10\u20ac \/ Etudiant : 5\u20ac<\/p>\n<p>&nbsp;<\/p>\n<p style=\"text-align: center;\"><strong>Mercredi 14 Janvier 2015, 20h <\/strong><\/p>\n<p style=\"text-align: center;\">au Th\u00e9\u00e2tre des Vari\u00e9t\u00e9s de Monaco<br \/>\nR\u00e9cital de piano de Alexander Ullman<br \/>\nTarifs Adulte : 25\u20ac \/ Membre : 10\u20ac \/ Etudiant : 5\u20ac<br \/>\nBEETHOVEN: Sonate en fa, opus 10, n\u00b02<br \/>\nTCHAIKOVSKY: Th\u00e8me et variations en fa, opus 19, n\u00b06<br \/>\nTCHAIKOVSKY: Les Saisons, opus 37 N\u00b0 4 &#8211; Avril \u00ab Perce-neige \u00bb<br \/>\nDEBUSSY: Estampes<br \/>\nRODION CHTCHEDRINE: Concert Etude<br \/>\nCHOPIN: Scherzo N\u00b0 2 en si b\u00e9mol mineur opus 31<br \/>\nCHOPIN: Mazurkas, opus 24<br \/>\nCHOPIN: Ballade n\u00b0 4, opus 52 en fa mineur<\/p>\n<p>&nbsp;<\/p>\n<p style=\"text-align: center;\"><strong>Jeudi 5 F\u00e9vrier 2015, 17h<\/strong><\/p>\n<p style=\"text-align: center;\">Concert des Candidats au Concours d&#8217;entr\u00e9e de CNSM de Paris et de Lyons<\/p>\n<p style=\"text-align: center;\">\u00e0 la Biblioth\u00e8que Louis Nuc\u00e9ra, Nice<br \/>\nEntr\u00e9e libre<\/p>\n<p>&nbsp;<\/p>\n<p style=\"text-align: center;\"><strong>Mardi 3 mars 2015, 19h30<\/strong><\/p>\n<p style=\"text-align: center;\">au Th\u00e9\u00e2tre des Vari\u00e9t\u00e9s de Monaco<br \/>\nGala Hommage \u00e0 Jacqueline Ollier<br \/>\nAvec les solistes :<br \/>\nMaki Belkin, Jonathan Benichou, Laurent Breuninger, Thomas Carroll,<br \/>\nJohn Adam Fox, Anthony Hewitt, Michel Lethiec, Florence Paumier,<br \/>\nSolenne Pa\u00efdassi, Fran\u00e7ois Veilhan, Andr\u00e9a Molt\u00e9ni.<br \/>\nTarif Adulte : 25\u20ac \/ Membre : 10\u20ac \/ Etudiant : 5\u20ac<\/p>\n<p>&nbsp;<\/p>\n<p style=\"text-align: center;\"><strong>Mercredi 29 avril 2015, 20h <\/strong><\/p>\n<p style=\"text-align: center;\">au Th\u00e9\u00e2tre des Vari\u00e9t\u00e9s de Monaco<br \/>\nR\u00e9cital de violoncelle de Laura van der Heijden<br \/>\naccompagn\u00e9e par Alison Rhind<br \/>\nTarif Adulte : 25\u20ac \/ Membre : 10\u20ac \/ Etudiant : 5\u20ac<br \/>\nSCHUBERT: Arpeggione Sonate en la mineur, D821<br \/>\nSCHNITTKE: Suite dans le style ancien pour violon et piano<br \/>\nRACHMANINOFF: Deux pi\u00e8ces pour violoncelle et piano, opus 2<br \/>\nRACHMANINOFF: Sonate en sol mineur, opus 19<\/p>\n<p style=\"text-align: center;\">\n<strong>Mercredi 13 Mai 2015, 17h<\/strong><\/p>\n<p style=\"text-align: center;\">\u00e0 la Biblioth\u00e8que Louis Nuc\u00e9ra, Nice<br \/>\nConcerts de jeunes talents (13 ans \u2013 18 ans) des Conservatoires de la R\u00e9gion PACA<br \/>\nEntr\u00e9e libre<\/p>\n<p>&nbsp;<\/p>\n<p style=\"text-align: center;\"><strong>Dimanche 14 Juin 2015, 18h<\/strong><\/p>\n<p style=\"text-align: center;\">au Temple R\u00e9form\u00e9, Nice<br \/>\nConcerts de clarinettes de Jos\u00e9 Xavier Munoz et Sandra Ibarreche<br \/>\nMENDELSSOHN : Konzerst\u00fcck Nr 2 pour Clarinette, Cor di Basset et Piano Op. 114<br \/>\nPOULENC :Sonata pour 2 Clarinette<br \/>\nCRUSELL : Andante et Allegro vivace pour 2 clarinette et piano<br \/>\nBROUWER :Basso Continuo 1 pour 2 clarinette seul<br \/>\nDOLINOVA : Cardas IV pour 2 clarinette en La et Piano<br \/>\nTarif Adulte : 15\u20ac \/ Membre : 10\u20ac \/ Etudiant : 5\u20ac<\/p>\n","protected":false},"excerpt":{"rendered":"<p>PROGRAMME&nbsp; &nbsp; Mercredi 10 D\u00e9cembre 2014, 17h au Th\u00e9\u00e2tre des Vari\u00e9t\u00e9s de Monaco Concert de No\u00ebl Jeunes talents prometteurs de moins de 13 ans issus des Conservatoires des Alpes-Maritimes Tarif Adulte : 25\u20ac \/ Membre : 10\u20ac \/ Etudiant : 5\u20ac &nbsp; Mercredi 14 Janvier 2015, 20h au Th\u00e9\u00e2tre des Vari\u00e9t\u00e9s de Monaco R\u00e9cital de [&hellip;]<\/p>\n","protected":false},"author":3,"featured_media":948,"parent":0,"menu_order":0,"comment_status":"closed","ping_status":"closed","template":"","meta":{"ngg_post_thumbnail":0},"_links":{"self":[{"href":"https:\/\/www.arsantonina.org\/en\/wp-json\/wp\/v2\/pages\/3294"}],"collection":[{"href":"https:\/\/www.arsantonina.org\/en\/wp-json\/wp\/v2\/pages"}],"about":[{"href":"https:\/\/www.arsantonina.org\/en\/wp-json\/wp\/v2\/types\/page"}],"author":[{"embeddable":true,"href":"https:\/\/www.arsantonina.org\/en\/wp-json\/wp\/v2\/users\/3"}],"replies":[{"embeddable":true,"href":"https:\/\/www.arsantonina.org\/en\/wp-json\/wp\/v2\/comments?post=3294"}],"version-history":[{"count":8,"href":"https:\/\/www.arsantonina.org\/en\/wp-json\/wp\/v2\/pages\/3294\/revisions"}],"predecessor-version":[{"id":3317,"href":"https:\/\/www.arsantonina.org\/en\/wp-json\/wp\/v2\/pages\/3294\/revisions\/3317"}],"wp:featuredmedia":[{"embeddable":true,"href":"https:\/\/www.arsantonina.org\/en\/wp-json\/wp\/v2\/media\/948"}],"wp:attachment":[{"href":"https:\/\/www.arsantonina.org\/en\/wp-json\/wp\/v2\/media?parent=3294"}],"curies":[{"name":"wp","href":"https:\/\/api.w.org\/{rel}","templated":true}]}}