{"id":3215,"date":"2019-06-05T16:38:20","date_gmt":"2019-06-05T16:38:20","guid":{"rendered":"http:\/\/www.arsantonina.org\/?page_id=3215"},"modified":"2022-11-27T10:36:50","modified_gmt":"2022-11-27T10:36:50","slug":"concert-du-25-mai-2019","status":"publish","type":"page","link":"https:\/\/www.arsantonina.org\/en\/concert-du-25-mai-2019\/","title":{"rendered":"Concert du 25 mai 2019"},"content":{"rendered":"<p style=\"text-align: center;\"><strong>CONCERT DE JEUNES TALENTS<\/strong><\/p>\n<p style=\"text-align: center;\">De moins de 13 ans issus des Conservatoires des Alpes-Maritimes<br \/>\nOrganis\u00e9 par l\u2019Association Ars Antonina en partenariat avec la Ville de Nice<br \/>\nA la Biblioth\u00e8que Louis Nuc\u00e9ra de Nice, le samedi 25 mai 2019 \u00e0 16h<\/p>\n<p>Cette manifestation annuelle, organis\u00e9e par l\u2019Association Ars Antonina, vous pr\u00e9sente de jeunes musiciens prometteurs \u00e2g\u00e9s de 6 \u00e0 13 ans, issus des Conservatoires du D\u00e9partement des Alpes-Maritimes.<\/p>\n<p style=\"text-align: center;\">Eva Fabresse, piano<br \/>\nG\u00e9rard Meunier : La valse de la poup\u00e9e<br \/>\nB\u00e9atrice Quoniam : Chant du berger<br \/>\nFolkore de l\u2019Inde (Air traditionnel)<\/p>\n<p style=\"text-align: center;\">Ambroise Moutier, clarinette et Renaud Moutier, piano<br \/>\nPascal Proust : Apr\u00e8s la Nuit<br \/>\nMiserlou (Air traditionnel)<\/p>\n<p style=\"text-align: center;\">Angelina Yafremau, piano<br \/>\nUne m\u00e9lodie russe (Air traditionnel)<br \/>\nElvira Caflers et Natalie Godbillon : Boogie<\/p>\n<p style=\"text-align: center;\">Alberta Meda Morar, violon et Cyril Levy, piano<br \/>\nOlivier et Carol Mayran de Chamisso : Nostalgie tzigane<\/p>\n<p style=\"text-align: center;\">Marisa Morar, violon et Cyril Levy, piano<br \/>\nHubert L\u00e9onard : Solo en r\u00e9 majeur opus 62<\/p>\n<p style=\"text-align: center;\">Anna Fornelli, harpe<br \/>\nMarcel Grandjany : Barcarolle<br \/>\nJean-Michel Damase : Promenade<\/p>\n<p style=\"text-align: center;\">Lyna Chikh, piano<br \/>\nSerge Prokofiev : Tarantella<\/p>\n<p style=\"text-align: center;\">Alberta Meda Morar et Marisa Morar, violons ; Cyril Levy, piano<br \/>\nW.A. Mozart : Giovinette che fate all&#8217; amore, arrang\u00e9 par Werner Rainer<\/p>\n<p style=\"text-align: center;\">R\u00e9mi Cohen-Fran\u00e7ois, tuba ; Mr Renaud Moutier, piano<br \/>\nFran\u00e7ois Poullot : Le secret de Ma\u00eetre Cornille<\/p>\n<p style=\"text-align: center;\">Ethan Courvalet, piano<br \/>\nLudwig v. Beethoven : La Bagatelle en la mineur\u2014F\u00fcr Elise<\/p>\n<p style=\"text-align: center;\">Maeva Radoman, harpe<br \/>\nMikhail Glinka : Nocturne pour Harpe<br \/>\nJacques Ibert : Scherzetto<\/p>\n<p style=\"text-align: center;\">Samuel Attal, piano<br \/>\nFr\u00e9deric Chopin : Nocturne en fa mineur opus 55<\/p>\n<p>&nbsp;<\/p>\n<p><a href=\"http:\/\/www.arsantonina.org\/wp-content\/uploads\/IMG_1740C.jpg\"><img decoding=\"async\" loading=\"lazy\" width=\"1024\" height=\"731\" class=\"aligncenter wp-image-3183 size-large\" alt=\"\" src=\"http:\/\/www.arsantonina.org\/wp-content\/uploads\/IMG_1740C-1024x731.jpg\" srcset=\"https:\/\/www.arsantonina.org\/wp-content\/uploads\/IMG_1740C-1024x731.jpg 1024w, https:\/\/www.arsantonina.org\/wp-content\/uploads\/IMG_1740C-420x300.jpg 420w, https:\/\/www.arsantonina.org\/wp-content\/uploads\/IMG_1740C-300x214.jpg 300w, https:\/\/www.arsantonina.org\/wp-content\/uploads\/IMG_1740C-768x549.jpg 768w, https:\/\/www.arsantonina.org\/wp-content\/uploads\/IMG_1740C-600x429.jpg 600w\" sizes=\"(max-width: 1024px) 100vw, 1024px\" \/><\/a><\/p>\n<p><strong>Les jeunes artistes<\/strong><\/p>\n<p>Eva FABRESSE, piano (6 ans). El\u00e8ve de la classe de piano d\u2019Elsa Cassac au Conservatoire CRD de Cannes.<\/p>\n<p>Ambroise MOUTIER, clarinette (7 ans). El\u00e8ve de la classe de clarinette de Gilles Swierc au Conservatoire d\u2019Antibes.<\/p>\n<p>Angelina YAFREMAU, piano (7 ans). El\u00e8ve de la classe de piano d\u2019Elsa Cassac au Conservatoire CRD de Cannes.<\/p>\n<p>Alberta Meda MORAR, violon (8 ans). El\u00e8ve de la classe de violon de Ventzisl\u0430va Choykovade au Conservatoire de Cannes.<\/p>\n<p>Marisa MORAR, violon (10 ans). El\u00e8ve de la classe de violon de Ventzisl\u0430va Choykovade au Conservatoire CRD de Cannes.<\/p>\n<p>Cyrille LEVY, piano. El\u00e8ve de la classe d\u2019accompagnement au piano de Patrick Nebbula au Conservatoire CRD de Cannes.<\/p>\n<p>Anna FORNELLI, harpe (9 ans). El\u00e8ve de la classe de harpe de Magali Pyka de Coster au Conservatoire d\u2019Antibes.<\/p>\n<p>Lyna CHIKH, piano (10 ans). El\u00e8ve de la classe de piano d\u2019Elsa Cassac au Conservatoire CRD de Cannes.<\/p>\n<p>R\u00e9mi COHEN-FRAN\u00c7OIS, tuba (10 ans). El\u00e8ve de la classe de tuba de Medhi Virorello au Conservatoire d\u2019Antibes.<\/p>\n<p>Ethan COURVALET, piano (8 ans). El\u00e8ve de la classe de piano de Christine Gastaud au Conservatoire CNR de Nice.<\/p>\n<p>Maeva RADOMAN, harpe (13 ans). El\u00e8ve de la classe de harpe d\u2019Agn\u00e8s B\u00e9rard au Conservatoire CNR de Nice.<\/p>\n<p>Samuel ATTAL, piano (10 ans). El\u00e8ve de la classe de Laetitia Grisi au Conservatoire CNR de Nice.<\/p>\n<p>&nbsp;<\/p>\n<p><strong>Concert d\u2019ARS ANTONINA met \u00e0 l\u2019honneur les jeunes talents du D\u00e9partement\u2026<\/strong><\/p>\n<p>La 30e \u00e9dition du Concert de jeunes talents de moins de 13 ans organis\u00e9 par l\u2019Association Ars Antonina en partenariat avec la Ville de Nice et le D\u00e9partement des Alpes-Maritimes, s\u2019est r\u00e9v\u00e9l\u00e9e une fois encore de tr\u00e8s haut niveau.<br \/>\nDans un programme tr\u00e8s vari\u00e9, treize jeunes musiciens prometteurs, \u00e2g\u00e9s de 6 \u00e0 13 ans, issus des conservatoires d\u2019Antibes, Cannes et Nice, se sont produits sur la sc\u00e8ne de l\u2019Auditorium de la Biblioth\u00e8que Louis Nuc\u00e9ra de Nice, devant un public enthousiaste et chaleureux. Tous ont d\u00e9montr\u00e9 l\u2019\u00e9tendue de leurs dons et de leur travail, et la qualit\u00e9 de leurs excellents professeurs dont certains \u00e9taient pr\u00e9sents dans la salle comble.<\/p>\n<p>Elsa Cassac, qui enseigne le piano au Conservatoire de Cannes, \u00e9tait venue soutenir ses \u00e9l\u00e8ves. Elle avait \u00e9t\u00e9 elle-m\u00eame r\u00e9v\u00e9l\u00e9e \u00e0 l\u2019\u00e2ge de dix ans par l\u2019Association Ars Antonina \u00e0 l\u2019occasion du Concert de jeunes talents de moins de 13 ans.<\/p>\n<p>Cette manifestation marque chaque ann\u00e9e un moment de charme dans le calendrier de la saison d\u2019Ars Antonina et elle offre au public la possibilit\u00e9 de d\u00e9couvrir de nouveaux talents, tr\u00e8s jeunes, dont quelques-uns seront parmi les grands interpr\u00e8tes de demain. En effet, depuis 30 ans, un nombre consid\u00e9rable de jeunes qui se produisaient dans cet \u00e9v\u00e8nement ont acquis une grande renomm\u00e9e. Gr\u00e2ce \u00e0 sa saison annuelle de concerts et \u00e0 son acad\u00e9mie d\u2019\u00e9t\u00e9, Ars Antonina peut s\u2019enorgueillir d\u2019avoir remarqu\u00e9 et soutenu de jeunes talents qui, depuis, ont fait leur chemin parmi lesquels : Gilles Apap, Jonathan Benichou, Lionel Bringuier, Shani Diluka, David Kadouch, Delphine Liz\u00e9, Solenne Pa\u00efdassi.<\/p>\n<p>Et cette ann\u00e9e encore, le public a eu grand plaisir \u00e0 d\u00e9couvrir le talent particulier de ces jeunes prometteurs qui ont fait honneur \u00e0 leurs enseignants : Eva Fabresse, piano (6 ans), Angelina Yafremau, piano (7 ans), Lyna Chikh, piano (10 ans), toutes \u00e9l\u00e8ves d\u2019Elsa Cassac au Conservatoire de Cannes ; Ambroise Moutier, clarinette (7 ans), \u00e9l\u00e8ve de Gilles Swierc au Conservatoire d\u2019Antibes ; les s\u0153urs, Alberta-Meda Morar, violon (8 ans) et Marisa Morar, violon (10 ans), \u00e9l\u00e8ves de Ventzisl\u0430va Choykovade au Conservatoire de Cannes ; Anna Fornelli, harpe (9 ans), \u00e9l\u00e8ve de Magali Pyka de Coster au Conservatoire d\u2019Antibes ; R\u00e9mi Cohen-Fran\u00e7ois, tuba (10 ans), \u00e9l\u00e8ve de la classe de tuba de Medhi Virorello au Conservatoire d\u2019Antibes ; Ethan Courvalet, piano (8 ans), \u00e9l\u00e8ve de la classe de piano de Christine Gastaud au Conservatoire de Nice ; Samuel Attal, piano (10 ans), \u00e9l\u00e8ve de Laetitia Grisi au Conservatoire de Nice ; Maeva Radoman, harpe (13 ans), \u00e9l\u00e8ve d\u2019Agn\u00e8s B\u00e9rard au Conservatoire de Nice.<\/p>\n<p>Les jeunes musiciens venant du Conservatoire d\u2019Antibes avaient le privil\u00e8ge d\u2019\u00eatre accompagn\u00e9s au piano par Renaud Moutier, et ceux du Conservatoire de Cannes par Cyrille L\u00e9vy, \u00e9l\u00e8ve de la classe d\u2019accompagnement au piano de Patrick Nebbula au Conservatoire de Cannes.<\/p>\n<p>Tous les jeunes artistes ont \u00e9t\u00e9 \u00e0 la hauteur si ce n\u2019est au-del\u00e0 des attentes du public attentif et s\u00e9duit.<\/p>\n","protected":false},"excerpt":{"rendered":"<p>CONCERT DE JEUNES TALENTS De moins de 13 ans issus des Conservatoires des Alpes-Maritimes Organis\u00e9 par l\u2019Association Ars Antonina en partenariat avec la Ville de Nice A la Biblioth\u00e8que Louis Nuc\u00e9ra de Nice, le samedi 25 mai 2019 \u00e0 16h Cette manifestation annuelle, organis\u00e9e par l\u2019Association Ars Antonina, vous pr\u00e9sente de jeunes musiciens prometteurs \u00e2g\u00e9s [&hellip;]<\/p>\n","protected":false},"author":3,"featured_media":0,"parent":0,"menu_order":0,"comment_status":"closed","ping_status":"closed","template":"","meta":{"ngg_post_thumbnail":0},"_links":{"self":[{"href":"https:\/\/www.arsantonina.org\/en\/wp-json\/wp\/v2\/pages\/3215"}],"collection":[{"href":"https:\/\/www.arsantonina.org\/en\/wp-json\/wp\/v2\/pages"}],"about":[{"href":"https:\/\/www.arsantonina.org\/en\/wp-json\/wp\/v2\/types\/page"}],"author":[{"embeddable":true,"href":"https:\/\/www.arsantonina.org\/en\/wp-json\/wp\/v2\/users\/3"}],"replies":[{"embeddable":true,"href":"https:\/\/www.arsantonina.org\/en\/wp-json\/wp\/v2\/comments?post=3215"}],"version-history":[{"count":14,"href":"https:\/\/www.arsantonina.org\/en\/wp-json\/wp\/v2\/pages\/3215\/revisions"}],"predecessor-version":[{"id":3596,"href":"https:\/\/www.arsantonina.org\/en\/wp-json\/wp\/v2\/pages\/3215\/revisions\/3596"}],"wp:attachment":[{"href":"https:\/\/www.arsantonina.org\/en\/wp-json\/wp\/v2\/media?parent=3215"}],"curies":[{"name":"wp","href":"https:\/\/api.w.org\/{rel}","templated":true}]}}