{"id":3186,"date":"2019-06-05T16:04:35","date_gmt":"2019-06-05T16:04:35","guid":{"rendered":"http:\/\/www.arsantonina.org\/?page_id=3186"},"modified":"2019-06-05T16:09:03","modified_gmt":"2019-06-05T16:09:03","slug":"concert-du-2-avril-2019","status":"publish","type":"page","link":"https:\/\/www.arsantonina.org\/en\/concert-du-2-avril-2019\/","title":{"rendered":"Concert du 2 avril 2019"},"content":{"rendered":"\n<h3><strong>CONCERT DES JEUNES TALENTS<\/strong><\/h3>\n\n\n\n<p>Des Conservatoires du D\u00e9partement des Alpes-Maritimes<\/p>\n\n\n\n<p>Organis\u00e9 par l\u2019Association\nArs Antonina en partenariat avec la Ville de Nice<\/p>\n\n\n\n<p>\u00c0 la Biblioth\u00e8que Louis\nNuc\u00e9ra de Nice, le Mardi 2 avril 2019 \u00e0 16h<\/p>\n\n\n\n<p>Cette manifestation annuelle, organis\u00e9e par l\u2019Association\nArs Antonina, pr\u00e9sente de jeunes musiciens prometteurs \u00e2g\u00e9s de 13 \u00e0 19 ans,\nissus des Conservatoires d&#8217;Antibes, Cannes et Nice.<\/p>\n\n\n\n<p><strong>PROGRAMME<\/strong><strong>&nbsp;<\/strong><strong><\/strong><\/p>\n\n\n\n<p><strong>Paul Aujoulat, piano <\/strong><\/p>\n\n\n\n<p>L. van Beethoven : Sonate n\u00b023,\nopus 57 en fa mineur dite <em>Appassionata <\/em><\/p>\n\n\n\n<p><strong>Lucie Beaufils, fl\u00fbte <\/strong><\/p>\n\n\n\n<p>Robert Dick&nbsp;: <em>Lookout<\/em>\npour flute <\/p>\n\n\n\n<p><strong>Camille Victoire Le Page, harpe <\/strong><\/p>\n\n\n\n<p>Alphonse Hasselmans&nbsp;: Etude de\nconcert, <em>La source<\/em>, opus 44&nbsp;&nbsp;&nbsp; <\/p>\n\n\n\n<p><strong>Aslisu Kurtulu\u015f, fl\u00fbte <\/strong><\/p>\n\n\n\n<p>Ian Clarke&nbsp;: <em>Zoomtube<\/em> <\/p>\n\n\n\n<p><strong>Sophia Melis, fl\u00fbte <\/strong><\/p>\n\n\n\n<p>\u00c9ric Ledeuil&nbsp;: <em>Xeneris<\/em> <\/p>\n\n\n\n<p><strong>Alexandra Donik piano <\/strong><\/p>\n\n\n\n<p>Ludwig van\nBeethoven: Sonate en sol majeur, opus 31, n\u00b01 &nbsp;<\/p>\n\n\n\n<p>Takashi\nYoshimatsu : <em>Piano Folio &#8211; To a disappeared Pleiad<\/em><\/p>\n\n\n\n<p>Gabriel Piern\u00e9 &#8211; <em>\u00c9tude de\nConcert<\/em> en ut mineur, Op. 13 <br><\/p>\n\n\n\n<div class=\"wp-block-image\"><figure class=\"aligncenter\"><a href=\"http:\/\/www.arsantonina.org\/wp-content\/uploads\/IMG_1445A.jpg\"><img decoding=\"async\" loading=\"lazy\" width=\"1024\" height=\"897\" src=\"http:\/\/www.arsantonina.org\/wp-content\/uploads\/IMG_1445A-1024x897.jpg\" alt=\"\" class=\"wp-image-3181\" srcset=\"https:\/\/www.arsantonina.org\/wp-content\/uploads\/IMG_1445A-1024x897.jpg 1024w, https:\/\/www.arsantonina.org\/wp-content\/uploads\/IMG_1445A-343x300.jpg 343w, https:\/\/www.arsantonina.org\/wp-content\/uploads\/IMG_1445A-300x263.jpg 300w, https:\/\/www.arsantonina.org\/wp-content\/uploads\/IMG_1445A-768x672.jpg 768w, https:\/\/www.arsantonina.org\/wp-content\/uploads\/IMG_1445A-600x525.jpg 600w\" sizes=\"(max-width: 1024px) 100vw, 1024px\" \/><\/a><\/figure><\/div>\n\n\n\n<p><strong>BIOGRAPHIES<\/strong><\/p>\n\n\n\n<p><strong>Paul\nAUJOULAT, piano (16 ans)<\/strong><\/p>\n\n\n\n<p>N\u00e9 \u00e0 Cannes en 2002, Paul a commenc\u00e9 le piano \u00e0 6\nans dans la classe d\u2019Alain Baumann au Conservatoire de Cannes. Puis il a\ntravaill\u00e9 avec Mme Benedetti et enfin avec David Levy et Michel Capolongo.\nApr\u00e8s avoir particip\u00e9 aux concours <em>Simone Delbert-F\u00e9vrier<\/em> et <em>Steinway<\/em>,\nil est entr\u00e9 en cycle sp\u00e9cialis\u00e9 en novembre 2018 et pr\u00e9pare actuellement\nl&#8217;examen du Dipl\u00f4me d&#8217;\u00c9tudes Musicales.<\/p>\n\n\n\n<p><strong>Lucie\nBEAUFILS, fl\u00fbte (17 ans)<\/strong><\/p>\n\n\n\n<p>N\u00e9e en\n2001, Lucie a d\u00e9but\u00e9 la musique \u00e0 5 ans en fl\u00fbte traversi\u00e8re, et en piano\n(jusqu&#8217;au 3<sup>\u00e8me<\/sup> cycle), et int\u00e8gre \u00e0 12 ans l&#8217;orchestre des Fl\u00fbtes\nd&#8217;Azur dirig\u00e9 par Mauricio Lozano. Elle a particip\u00e9 \u00e0 de nombreux concours en\nFrance et \u00e0 l&#8217;\u00e9tranger, remportant ainsi plusieurs premiers prix. \u00c0 16 ans,\nelle obtient brillamment son Dipl\u00f4me d&#8217;\u00c9tudes Musicales en fl\u00fbte. En 2016 et\n2018, elle a donn\u00e9 deux r\u00e9citals au Majestic Barri\u00e8re de Cannes. \u00c9tudiante au\nCNRR de Nice, Lucie est actuellement en premi\u00e8re ann\u00e9e de licence en fl\u00fbte\ntraversi\u00e8re dans la classe de Sibel Pensel.<\/p>\n\n\n\n<p><strong>Alexandra\nDONIK, piano (13 ans)<\/strong><\/p>\n\n\n\n<p>N\u00e9e \u00e0 Nice en 2005, Alexandra\nse dirige tr\u00e8s jeune vers les arts. Passionn\u00e9e par la peinture, elle entre au\nCNRR de Nice dans la classe de Christine Gastaud et d\u00e8s ses 10 ans sera 1<sup>\u00e8re<\/sup>\nnomm\u00e9e au concours<em> Claude Kahn<\/em>.&nbsp;\nAu CNRR de Nice elle se retrouve \u00e0 12 ans en 3<sup>\u00e8me<\/sup> cycle de\npiano. En 2018, elle est laur\u00e9ate du Concours international <em>Francis Poulenc<\/em>\n\u00e0 Nice. Alexandra a eu la chance de pouvoir d\u00e9j\u00e0 jouer deux fois avec orchestre\net elle va pr\u00e9senter \u00e0 13 ans son entr\u00e9e en classe de Dipl\u00f4me d&#8217;\u00c9tudes Musicales\nau CNRR de Nice.<\/p>\n\n\n\n<p><strong>Asli Su KURTULUS, fl\u00fbte\n(20 ans)<\/strong><\/p>\n\n\n\n<p>N\u00e9e \u00e0 Bursa en Turkie en\n1997, Asli a commenc\u00e9 la flute \u00e0 15 ans.&nbsp;\nEn 2016 elle entre au CNRR de Nice dans la classe de Sibel Pensel dont\nelle est toujours \u00e9l\u00e8ve. Elle pr\u00e9pare une Licence d\u2019Art \u00e0 la Facult\u00e9 des\nLettres de Nice en 1\u00e8re ann\u00e9e de Musicologie.&nbsp;\nEn 2018, elle a obtenu son Dipl\u00f4me d&#8217;Etudes Musicales de fl\u00fbte\ntraversi\u00e8re au CNNR de Nice, avec mention Bien.&nbsp;\nElle a remport\u00e9 1er prix au 7\u00e8me Concours International de Musique de\nChambre \u00e0 Nice en 2017, et au 8\u00e8me Concours International de Fl\u00fbte \u00e0 Nice en\n2018.<\/p>\n\n\n\n<p><strong>Camille-Victoire\nLE PAGE, harpe (13 ans)<\/strong><\/p>\n\n\n\n<p>N\u00e9e \u00e0\nGrasse en 2004, Camille-Victoire d\u00e9bute la harpe \u00e0 8 ans en 2013 au\nConservatoire Municipal d\u2019Antibes dans la classe de Magali Pyka de Coster. Les <em>Amis\nde la harpe<\/em> <em>de St Laurent du Var<\/em> lui d\u00e9cerne \u00e0 ses d\u00e9but une mention\nTB avec f\u00e9licitations du jury au concours junior, puis, laur\u00e9ate au concours <em>Salvi<\/em>\nelle obtient en 2015, 2016, 2017 et 2018 le 1<sup>er<\/sup> prix du jury. En\n2015, elle participe \u00e9galement au <em>Monaco World Harp Festival<\/em> et re\u00e7oit\ndu jury une Mention Sp\u00e9ciale aux auditions des Jeunes Espoirs.&nbsp; Elle se produit r\u00e9guli\u00e8rement lors\nd\u2019auditions au sein du Conservatoire d\u2019Antibes mais \u00e9galement lors de\nmanifestations dans la r\u00e9gion, en solo comme en musique de chambre.&nbsp; Aujourd\u2019hui elle se pr\u00e9pare \u00e0 pr\u00e9senter sa fin\nde cycle II ainsi que son examen d\u00e9partemental.<br><\/p>\n\n\n\n<p><strong>Concert\ndes Ados \u00e0 la Biblioth\u00e8que Louis Nuc\u00e9ra de Nice<\/strong><\/p>\n\n\n\n<p>L\u2019Association\nArs Antonina, en partenariat avec la Ville de Nice et la B.M.V.R. de Nice, a\norganis\u00e9 son traditionnel Concert des Ados \u00e0 la Biblioth\u00e8que Louis Nuc\u00e9ra\ndevant un public nombreux et attentif.<\/p>\n\n\n\n<p>Paul\nAUJOULAT, piano, (16 ans), \u00e9l\u00e8ve de David Levy et de Michel Capolongo au\nConservatoire de Cannes, a fait preuve d\u2019une belle autorit\u00e9 et maturit\u00e9 dans\nl\u2019interpr\u00e9tation du 1<sup>er<\/sup> mouvement de la sonate <em>Appassionata<\/em> de Beethoven.<\/p>\n\n\n\n<p>Lucie\nBEAUFILS, fl\u00fbte, (17 ans), \u00e9l\u00e8ve de Sibel Pensel au C.N.R.R. de Nice, se joua\navec aisance des difficult\u00e9s de la pi\u00e8ce&nbsp;:&nbsp;<em>Lookout<\/em> de l\u2019am\u00e9ricain Robert Dick.<\/p>\n\n\n\n<p>Camille-Victoire\nLE PAGE, harpe, (13 ans), \u00e9l\u00e8ve de Magali Pyka de Coster au Conservatoire\nd\u2019Antibes, interpr\u00e9ta avec beaucoup de finesse et de sensibilit\u00e9 l\u2019Etude de\nconcert <em>La Source<\/em>&nbsp;d\u2019Hasselmans.<\/p>\n\n\n\n<p>Aslisu\nKURTULUS, fl\u00fbte, (20 ans), \u00e9l\u00e8ve de Sibel Pensel au C.N.R.R. de Nice, rendit\navec beaucoup d\u2019entrain et de virtuosit\u00e9 la pi\u00e8ce&nbsp;: <em>Zoomtube<\/em> de l\u2019anglais Ian Clarke.<\/p>\n\n\n\n<p>Sophia\nMELIS, fl\u00fbte, (16 ans), \u00e9l\u00e8ve de Sibel Pensel au C.N.R.R. de Nice, donna \u00e0 la\nfl\u00fbte en sol coud\u00e9e une tr\u00e8s belle interpr\u00e9tation de <em>Xeneris <\/em>d\u2019Eric Ledeuil.<\/p>\n\n\n\n<p>Enfin\nAlexandra DONIK, piano, (13 ans) \u00e9l\u00e8ve de Christine Gastaud au C.N.R.R. de\nNice, enleva avec brio le 1<sup>er<\/sup> mouvement de la <em>Sonate opus 31<\/em> n\u00b0 1 de Beethoven. Puis elle dessina toute la po\u00e9sie\nsubtile de <em>Piano Folio \u2013 To a disappeared\nPleiad<\/em> du japonais Yoshimatsu pour terminer brillamment par <em>l\u2019Etude de Concert<\/em> opus 13 de Gabriel\nPiern\u00e9.<\/p>\n\n\n\n<p>Tous\nces jeunes talents ont fait honneur \u00e0 leurs professeurs. Nul doute qu\u2019ils\nrencontrent un succ\u00e8s m\u00e9rit\u00e9 dans la poursuite de leurs \u00e9tudes. &nbsp;&nbsp;&nbsp;&nbsp;&nbsp;&nbsp;&nbsp;&nbsp;&nbsp;&nbsp;&nbsp; <\/p>\n","protected":false},"excerpt":{"rendered":"<p>CONCERT DES JEUNES TALENTS Des Conservatoires du D\u00e9partement des Alpes-Maritimes Organis\u00e9 par l\u2019Association Ars Antonina en partenariat avec la Ville de Nice \u00c0 la Biblioth\u00e8que Louis Nuc\u00e9ra de Nice, le Mardi 2 avril 2019 \u00e0 16h Cette manifestation annuelle, organis\u00e9e par l\u2019Association Ars Antonina, pr\u00e9sente de jeunes musiciens prometteurs \u00e2g\u00e9s de 13 \u00e0 19 ans, [&hellip;]<\/p>\n","protected":false},"author":3,"featured_media":0,"parent":0,"menu_order":0,"comment_status":"closed","ping_status":"closed","template":"","meta":{"ngg_post_thumbnail":0},"_links":{"self":[{"href":"https:\/\/www.arsantonina.org\/en\/wp-json\/wp\/v2\/pages\/3186"}],"collection":[{"href":"https:\/\/www.arsantonina.org\/en\/wp-json\/wp\/v2\/pages"}],"about":[{"href":"https:\/\/www.arsantonina.org\/en\/wp-json\/wp\/v2\/types\/page"}],"author":[{"embeddable":true,"href":"https:\/\/www.arsantonina.org\/en\/wp-json\/wp\/v2\/users\/3"}],"replies":[{"embeddable":true,"href":"https:\/\/www.arsantonina.org\/en\/wp-json\/wp\/v2\/comments?post=3186"}],"version-history":[{"count":6,"href":"https:\/\/www.arsantonina.org\/en\/wp-json\/wp\/v2\/pages\/3186\/revisions"}],"predecessor-version":[{"id":3193,"href":"https:\/\/www.arsantonina.org\/en\/wp-json\/wp\/v2\/pages\/3186\/revisions\/3193"}],"wp:attachment":[{"href":"https:\/\/www.arsantonina.org\/en\/wp-json\/wp\/v2\/media?parent=3186"}],"curies":[{"name":"wp","href":"https:\/\/api.w.org\/{rel}","templated":true}]}}