{"id":3071,"date":"2019-06-04T20:45:12","date_gmt":"2019-06-04T20:45:12","guid":{"rendered":"http:\/\/www.arsantonina.org\/?page_id=3071"},"modified":"2019-06-05T16:49:54","modified_gmt":"2019-06-05T16:49:54","slug":"5-fevrier-2019","status":"publish","type":"page","link":"https:\/\/www.arsantonina.org\/en\/5-fevrier-2019\/","title":{"rendered":"Concert du 5 f\u00e9vrier 2019"},"content":{"rendered":"<h4 style=\"text-align: center;\"><strong>CONCERT DES JEUNES TALENTS<\/strong><\/h4>\n<p style=\"text-align: center;\">&nbsp;<\/p>\n<p style=\"text-align: center;\">Candidats aux concours d\u2019entr\u00e9e des<br \/>\nConservatoires Nationaux Sup\u00e9rieurs de Musique de Paris et de Lyon<\/p>\n<p style=\"text-align: center;\">organis\u00e9 par l\u2019Association Ars Antonina<br \/>\nen partenariat avec la Ville de Nice<\/p>\n<p style=\"text-align: center;\">&nbsp;&nbsp;&nbsp;\u00e0 la Biblioth\u00e8que Louis Nuc\u00e9ra, place Yves Klein, Nice<\/p>\n<p style=\"text-align: center;\">Mardi 5 f\u00e9vrier 2019 \u00e0 16h<\/p>\n<p style=\"text-align: center;\">&nbsp;<\/p>\n<p style=\"text-align: center;\">Cet \u00e9v\u00e8nement annuel, organis\u00e9 par l\u2019Association Ars Antonina, permet \u00e0 de jeunes talents du D\u00e9partement des Alpes-Maritimes, tous candidats aux concours d\u2019entr\u00e9e des Conservatoires de Paris et Lyon, d\u2019interpr\u00e9ter un extrait de leur programme devant un public.<\/p>\n<p style=\"text-align: center;\">&nbsp;<\/p>\n<p style=\"text-align: center;\"><strong>PROGRAMME<\/strong><\/p>\n<p style=\"text-align: center;\"><strong><br \/>\nTatiana Bechlitch-Sz\u00f6nyi, violon<\/strong><br \/>\nJ.-M. LECLAIR: Sonate en do mineur opus 5 n\u00b0 6 Le Tombeau&nbsp;<br \/>\nA. CORELLI: Sonate en do majeur opus 5 n\u00b0 3&nbsp;: 1er et 2\u00e8me mouvements&nbsp;<br \/>\nH.I.F. VON BIBER: Sonate du Rosaire n\u00b0 10 en sol mineur La Crucifixion<\/p>\n<p style=\"text-align: center;\"><strong><br \/>\nGw\u00e9na\u00eblle Le Meignen, harpe<\/strong><br \/>\nJ.S. BACH&nbsp;: Suite n\u00b0 2 en do mineur BWV 997&nbsp;<br \/>\nPr\u00e9lude\u2014Sarabande\u2014Gigue\u2014Double<br \/>\nW. POSSE&nbsp;: Etude de concert pour harpe, n\u00b0 2<br \/>\nH. RENIE: Ballade Fantastique pour harpe,<br \/>\nd&#8217;apr\u00e8sLe c\u0153ur r\u00e9v\u00e9lateur d&#8217;Edgard Poe<\/p>\n<p style=\"text-align: center;\">&nbsp;<\/p>\n<p style=\"text-align: center;\"><strong>Jan-Jakub Zielinski, piano<\/strong><br \/>\nJ.S. BACH : Pr\u00e9lude et Fugue en sol majeur BWV 860&nbsp;<br \/>\nL. van BEETHOVEN : Sonate n\u00b0 30 en mi majeur, opus 109&nbsp;<br \/>\nC. DEBUSSY : Etude N\u00b0 5 pour les octaves&nbsp;<br \/>\nG. FAURE :&nbsp; Th\u00e8me et variations en do majeur, op. 73 (extrait)<br \/>\nF. CHOPIN : Scherzo n\u00b0 1 en si mineur, opus 20&nbsp;<br \/>\nF. CHOPIN : Etude opus 10, n\u00b0 5 en mi majeur<br \/>\nS. PROKOFIEV : Sonate n\u00b0 3 opus 28 en la mineur<\/p>\n<p>&nbsp;<\/p>\n<p style=\"text-align: center;\"><strong><a href=\"http:\/\/www.arsantonina.org\/wp-content\/uploads\/IMG_1231A.jpg\"><img decoding=\"async\" loading=\"lazy\" width=\"562\" height=\"410\" class=\"aligncenter wp-image-3153\" alt=\"\" src=\"http:\/\/www.arsantonina.org\/wp-content\/uploads\/IMG_1231A-300x219.jpg\" srcset=\"https:\/\/www.arsantonina.org\/wp-content\/uploads\/IMG_1231A-300x219.jpg 300w, https:\/\/www.arsantonina.org\/wp-content\/uploads\/IMG_1231A-410x300.jpg 410w, https:\/\/www.arsantonina.org\/wp-content\/uploads\/IMG_1231A-768x561.jpg 768w, https:\/\/www.arsantonina.org\/wp-content\/uploads\/IMG_1231A-1024x749.jpg 1024w, https:\/\/www.arsantonina.org\/wp-content\/uploads\/IMG_1231A-600x439.jpg 600w\" sizes=\"(max-width: 562px) 100vw, 562px\" \/><\/a><br \/>\nLes jeunes artistes et leurs professeurs (de g. \u00e0 dr.) : Gw\u00e9na\u00eblle Le Meignen, Agn\u00e8s B\u00e9rard, Flavio Losco, Jan-Jakub Zielinski et Tatiana Bechlitch-Sz\u00f6nyi.&nbsp;<\/strong><strong>&nbsp;<\/strong><\/p>\n<p>&nbsp;<\/p>\n<p style=\"text-align: center;\"><strong>BIOGRAPHIES DES ARTISTES<\/strong><\/p>\n<p><strong>&nbsp;<\/strong><\/p>\n<p><strong>Tatiana BECHLITCH-SZ\u00d6NYI, violon. <\/strong><\/p>\n<p>N\u00e9e en 1998 \u00e0 Nice, Tatiana a commenc\u00e9 le violon \u00e0 l&#8217;\u00e2ge de trois ans, avec Mme Solange de Rocca-Serra au sein de l&#8217;Acad\u00e9mie Vivaldi, puis est entr\u00e9e au Conservatoire de Nice (CNRR) en 2008 dans la classe de M. Alain Babouchian. \u00c0 13 ans, elle d\u00e9couvre la Musique Baroque avec M. Flavio Losco, au travers d&#8217;une initiation sur instrument moderne ; en 2013 elle passe sur instrument \u00e0 cordes boyaux et int\u00e8gre le cycle sp\u00e9cialis\u00e9 de Violon Baroque en 2016, parall\u00e8lement \u00e0 ses \u00e9tudes de Violon Moderne. Titulaire d&#8217;un DEM de Violon Moderne (2018) et d&#8217;un DEM de Formation Musicale (2018), elle passera son DEM de Violon Baroque cette ann\u00e9e, tout en pr\u00e9parant diff\u00e9rents concours d&#8217;entr\u00e9es, notamment au CNSM de Lyon en classe de Violon Baroque. En 2019 elle pr\u00e9sentera le concours d&#8217;entr\u00e9e au CNSM de Lyon.<\/p>\n<p style=\"text-align: center;\"><strong>*****<\/strong><\/p>\n<p><strong>Gw\u00e9na\u00eblle&nbsp; LE MEIGNEN, harpe. <\/strong><\/p>\n<p>N\u00e9e en 1999 \u00e0 Nice, Gw\u00e9na\u00eblle commence la harpe \u00e0 l&#8217;\u00e2ge de 9 ans dans la classe de Mich\u00e8le Vuillaume puis d\u2019Agn\u00e8s B\u00e9rard, au sein du CNRR de Nice. A 12 ans, elle devient Laur\u00e9ate Nationale du Concours des Petites Mains Symphoniques et a accompagn\u00e9 Didier Lockwood ou Hugues Aufray \u00e0 l&#8217;Olympia. Elle a suivi de nombreuses acad\u00e9mies d&#8217;orchestre (Paris, Morlaix, Vaux-le-Vicomte, etc.).&nbsp; Ancienne Demoiselle au sein du Lyc\u00e9e de la Maison d\u2019\u00c9ducation de la L\u00e9gion d&#8217;Honneur, elle sera admise au Conservatoire Municipal du 1er arr. de Paris, dans la classe d\u2019Audrey Perrin. Elle revient passer \u00e0 Nice un BAC Option Musique, obtenu avec une mention Bien.&nbsp; En 2016, au sein de la classe d\u2019Agn\u00e8s B\u00e9rard, elle obtiendra son Dipl\u00f4me d\u2019\u00c9tudes Musicales avec Mention Tr\u00e8s Bien. En 2017, Gw\u00e9na\u00eblle a \u00e9t\u00e9 s\u00e9lectionn\u00e9e parmi les jeunes talents de l&#8217;Acad\u00e9mie Musicale de Villecroze et int\u00e8gre le master class d\u2019Isabelle Moretti, professeur au CNSM de Paris. En 2017, elle obtient le 1er Prix au Concours International de Harpe de Limoges ainsi que le 1er Prix \u00e0 l&#8217;unanimit\u00e9 avec f\u00e9licitations du Jury au Concours des Juniors 2017 de Nice.&nbsp; En 2018, Laur\u00e9ate de l&#8217;Orchestre des Jeunes de la M\u00e9diterran\u00e9e, Gw\u00e9na\u00eblle fera de nombreuses repr\u00e9sentations publiques sous la direction de Kazushi Ono, chef principal de l&#8217;Op\u00e9ra national de Lyon et directeur musical de l&#8217;Orchestre m\u00e9tropolitain de Tokyo : elle jouera <em>La mer <\/em>et <em>Ib\u00e9ria<\/em>de Debussy, <em>Ma m\u00e8re l&#8217;oye<\/em>de Ravel ou encore <em>Nocturne<\/em>de Samy Moussa. Elle a particip\u00e9 \u00e0 de nombreuses master class aupr\u00e8s d\u2019\u00e9minents professeurs, tels que Germaine Lorenzini, Isabelle Moretti, Catherine Michel, Marie-Claire Jamet, ou encore Fabrice Pierre.&nbsp; En 2019 elle pr\u00e9sentera le concours d&#8217;entr\u00e9e au CNSM de Paris.<\/p>\n<p style=\"text-align: center;\"><strong><br \/>\n*****<\/strong><\/p>\n<p>&nbsp;<strong>Jan-Jakub ZIELINSKI, piano (18 ans). <\/strong><\/p>\n<p>N\u00e9 en 2001 \u00e0 Varsovie, Jan-Jakub est actuellement en classe de premi\u00e8re S au Lyc\u00e9e Mont Saint Jean, \u00e0 Antibes.&nbsp; Il a commenc\u00e9 le piano \u00e0 6 ans au Conservatoire&nbsp; de musique et d&#8217;art dramatique d&#8217;Antibes dans la classe de No\u00ebl Bianchini dont il est toujours l\u2019\u00e9l\u00e8ve. Depuis 2016 il suit en parall\u00e8le le cycle sp\u00e9cialis\u00e9 au CRR d\u2019Aix en Provence dans la classe de Michel Bourdoncle.<\/p>\n<p>Jan Jakub s\u2019est perfectionn\u00e9 lors de master class aupr\u00e8s de grands ma\u00eetres comme Gabriel Tacchino, Bruno Rigutto, Paul Badura Skoda, Roger Muraro, Janusz Olejniczak. Il fait ses d\u00e9buts avec orchestre en 2014 dans le cadre du 43\u00e8me Festival International Antibes G\u00e9n\u00e9ration Virtuoses, avec l\u2019Orchestre R\u00e9gional Cannes PACA, sous la direction de Philippe Bender. Il jouera le 2\u00e8me Concerto de Chopin sous la direction de Benjamin Levy cette ann\u00e9e au Forum de Fr\u00e9jus\u2013Saint Rapha\u00ebl.<\/p>\n<p>En 2017, il remporte \u00e0 l\u2019unanimit\u00e9 le premier prix du Concours de piano Steinway &#038; Sons \u00e0 Paris.&nbsp;La m\u00eame ann\u00e9e il se produit aux festivals Ma Vigne en Musique (Narbonne), Plaisir de Musiques (Annecy) et Musique dans la Rue (Aix en Provence). Il a aussi particip\u00e9 \u00e0 plusieurs concerts \u00e0 Nice, Antibes, Fr\u00e9jus, Cannes, Monaco, en Corse et en Allemagne.<\/p>\n<p><strong>&nbsp;<\/strong><\/p>\n<p style=\"text-align: center;\"><strong>CONCERT DES CANDIDATS AUX CONCOURS D\u2019ENTREE DES CONSERVATOIRES NATIONAUX SUPERIEURS DE PARIS ET DE LYON<\/strong><\/p>\n<p>L\u2019Association Ars Antonina, en partenariat avec la Ville de Nice, a organis\u00e9 \u00e0 la Biblioth\u00e8que Municipale Louis Nuc\u00e9ra de Nice, comme chaque ann\u00e9e, un concert de candidats aux Concours d\u2019entr\u00e9e des Conservatoires Nationaux Sup\u00e9rieurs de Musique de Paris et de Lyon. Les jeunes musiciens prometteurs, issus du Conservatoire National \u00e0 Rayonnement R\u00e9gional de Nice et du Conservatoire de Musique d\u2019Antibes, ont pu ainsi interpr\u00e9ter un extrait de leur programme devant une salle comble et enthousiaste.<\/p>\n<p>Au violon baroque, Tatiana Bechlitch-Sz\u00f6nyi, n\u00e9e en 1998, accompagn\u00e9e par son professeur Flavio Losco au clavecin, a brillamment interpr\u00e9t\u00e9 deux mouvements de la Sonate n\u00b0 6, <em>Le Tombeau<\/em>&nbsp;de Jean-Marie Leclair et deux mouvements de la Sonate n\u00b0 3d\u2019Arcangelo Corelli. La difficile et superbe Sonate du Rosaire n\u00b0 10, <em>La Crucifixion<\/em>, de Heinrich Biber \u00e9tait enlev\u00e9e avec brio.<\/p>\n<p>A la harpe, Gw\u00e9na\u00eblle Le Meignen, n\u00e9e en 1999, \u00e9l\u00e8ve de Agn\u00e8s B\u00e9rard (pr\u00e9sente dans la salle), a jou\u00e9 la Suite n\u00b0 2 BWV 997 de Jean-S\u00e9bastien Bach. Elle a poursuivi sa prestation avec beaucoup d\u2019entrain et de sensibilit\u00e9 dans l\u2019Etude de concert pour la harpe n\u00b0 2&nbsp;de Wilhelm Posse et dans la Ballade fantastiquepour harpe d\u2019une compositrice harpiste&nbsp;: Henriette Reni\u00e9.<\/p>\n<p>Au piano, Jan-Jakub Zielinski, n\u00e9 en 2001, \u00e9l\u00e8ve de No\u00ebl Bianchini (lui aussi pr\u00e9sent dans la salle), a donn\u00e9 un v\u00e9ritable et dense r\u00e9cital. En effet le Pr\u00e9lude et fugue en sol majeur BWV 860&nbsp;de Jean-S\u00e9bastien Bach, perl\u00e9, \u00e9tait suivi du troisi\u00e8me mouvement de la Sonate n\u00b0 30, opus 109, plein d\u2019int\u00e9riorit\u00e9, de Beethoven. L\u2019Etude n\u00b0 5 pour les octaves&nbsp;de Debussy et le Th\u00e8me et variations en do majeur de Faur\u00e9 suivaient avec bonheur. Mais c\u2019est dans Chopin&nbsp;: le Scherzo n\u00b0 1 opus 20&nbsp;et l\u2019Etude opus 10 n\u00b0 5 que se confirma le talent de ce jeune virtuose couronnant son programme par une \u00e9clatante Sonate n\u00b0 3 de Prokofiev.<\/p>\n<p>Ces trois jeunes artistes ont toutes leurs chances pour r\u00e9ussir dans leur parcours. Nul doute qu\u2019ils sont promis \u00e0 un bel avenir musical.&nbsp;&nbsp;&nbsp;&nbsp;&nbsp;&nbsp;&nbsp;&nbsp;&nbsp;&nbsp;&nbsp;&nbsp;&nbsp;&nbsp;&nbsp;&nbsp;&nbsp;&nbsp;&nbsp;&nbsp;&nbsp;&nbsp;&nbsp;&nbsp;&nbsp;&nbsp;&nbsp;&nbsp;&nbsp;&nbsp;&nbsp;&nbsp;&nbsp;&nbsp;&nbsp;&nbsp;&nbsp;&nbsp;&nbsp;&nbsp;&nbsp;&nbsp;&nbsp;&nbsp;&nbsp;<\/p>\n<p>\u00a9A.<\/p>\n","protected":false},"excerpt":{"rendered":"<p>CONCERT DES JEUNES TALENTS &nbsp; Candidats aux concours d\u2019entr\u00e9e des Conservatoires Nationaux Sup\u00e9rieurs de Musique de Paris et de Lyon organis\u00e9 par l\u2019Association Ars Antonina en partenariat avec la Ville de Nice &nbsp;&nbsp;&nbsp;\u00e0 la Biblioth\u00e8que Louis Nuc\u00e9ra, place Yves Klein, Nice Mardi 5 f\u00e9vrier 2019 \u00e0 16h &nbsp; Cet \u00e9v\u00e8nement annuel, organis\u00e9 par l\u2019Association Ars [&hellip;]<\/p>\n","protected":false},"author":3,"featured_media":0,"parent":0,"menu_order":0,"comment_status":"closed","ping_status":"closed","template":"","meta":{"ngg_post_thumbnail":0},"_links":{"self":[{"href":"https:\/\/www.arsantonina.org\/en\/wp-json\/wp\/v2\/pages\/3071"}],"collection":[{"href":"https:\/\/www.arsantonina.org\/en\/wp-json\/wp\/v2\/pages"}],"about":[{"href":"https:\/\/www.arsantonina.org\/en\/wp-json\/wp\/v2\/types\/page"}],"author":[{"embeddable":true,"href":"https:\/\/www.arsantonina.org\/en\/wp-json\/wp\/v2\/users\/3"}],"replies":[{"embeddable":true,"href":"https:\/\/www.arsantonina.org\/en\/wp-json\/wp\/v2\/comments?post=3071"}],"version-history":[{"count":36,"href":"https:\/\/www.arsantonina.org\/en\/wp-json\/wp\/v2\/pages\/3071\/revisions"}],"predecessor-version":[{"id":3232,"href":"https:\/\/www.arsantonina.org\/en\/wp-json\/wp\/v2\/pages\/3071\/revisions\/3232"}],"wp:attachment":[{"href":"https:\/\/www.arsantonina.org\/en\/wp-json\/wp\/v2\/media?parent=3071"}],"curies":[{"name":"wp","href":"https:\/\/api.w.org\/{rel}","templated":true}]}}