{"id":2766,"date":"2018-11-25T15:40:13","date_gmt":"2018-11-25T15:40:13","guid":{"rendered":"http:\/\/www.arsantonina.org\/?page_id=2766"},"modified":"2018-11-25T15:53:10","modified_gmt":"2018-11-25T15:53:10","slug":"concert-noel-2018","status":"publish","type":"page","link":"https:\/\/www.arsantonina.org\/en\/concert-noel-2018\/","title":{"rendered":"Concert Noel  novembre 2018"},"content":{"rendered":"<p>&nbsp;<\/p>\n<h2 style=\"text-align: center;\">CONCERT DE NO\u00cbL<\/h2>\n<p style=\"text-align: center;\">des Conservatoires du D\u00e9partement des Alpes-Maritimes<\/p>\n<p style=\"text-align: center;\">Organis\u00e9 par l\u2019Association Ars Antonina<\/p>\n<p style=\"text-align: center;\">en partenariat avec la Ville de Nice<\/p>\n<p style=\"text-align: center;\">et la Biblioth\u00e8que Louis Nuc\u00e9ra de Nice<\/p>\n<p style=\"text-align: center;\"><strong>Vendredi\u00a016\u00a0novembre\u00a02018 16h<\/strong><\/p>\n<p style=\"text-align: justify;\">Cette manifestation annuelle, organis\u00e9e par l\u2019Association Ars Antonina, vous pr\u00e9sente de jeunes musiciens prometteurs \u00e2g\u00e9s de 6\u00a0\u00e0 13 ans, issus des Conservatoires d&#8217;Antibes, Cannes et Nice.<\/p>\n<p style=\"text-align: justify;\">L\u2019Association Ars Antonina a pour but de r\u00e9v\u00e9ler et promouvoir les jeunes talents, notamment les musiciens au cours de leurs \u00e9tudes et au d\u00e9but de leur carri\u00e8re. L\u2019association organise une saison annuelle de concerts dans les Alpes-Maritimes et en Principaut\u00e9 de Monaco, des master class avec les plus grands interpr\u00e8tes ainsi qu\u2019une Acad\u00e9mie internationale d\u2019\u00e9t\u00e9.<\/p>\n<p style=\"text-align: center;\"><a href=\"http:\/\/www.arsantonina.org\/\"><< Retour<\/a><\/p>\n","protected":false},"excerpt":{"rendered":"<p>&nbsp; CONCERT DE NO\u00cbL des Conservatoires du D\u00e9partement des Alpes-Maritimes Organis\u00e9 par l\u2019Association Ars Antonina en partenariat avec la Ville de Nice et la Biblioth\u00e8que Louis Nuc\u00e9ra de Nice Vendredi\u00a016\u00a0novembre\u00a02018 16h Cette manifestation annuelle, organis\u00e9e par l\u2019Association Ars Antonina, vous pr\u00e9sente de jeunes musiciens prometteurs \u00e2g\u00e9s de 6\u00a0\u00e0 13 ans, issus des Conservatoires d&#8217;Antibes, Cannes [&hellip;]<\/p>\n","protected":false},"author":3,"featured_media":0,"parent":0,"menu_order":0,"comment_status":"closed","ping_status":"closed","template":"","meta":{"ngg_post_thumbnail":0},"_links":{"self":[{"href":"https:\/\/www.arsantonina.org\/en\/wp-json\/wp\/v2\/pages\/2766"}],"collection":[{"href":"https:\/\/www.arsantonina.org\/en\/wp-json\/wp\/v2\/pages"}],"about":[{"href":"https:\/\/www.arsantonina.org\/en\/wp-json\/wp\/v2\/types\/page"}],"author":[{"embeddable":true,"href":"https:\/\/www.arsantonina.org\/en\/wp-json\/wp\/v2\/users\/3"}],"replies":[{"embeddable":true,"href":"https:\/\/www.arsantonina.org\/en\/wp-json\/wp\/v2\/comments?post=2766"}],"version-history":[{"count":8,"href":"https:\/\/www.arsantonina.org\/en\/wp-json\/wp\/v2\/pages\/2766\/revisions"}],"predecessor-version":[{"id":2771,"href":"https:\/\/www.arsantonina.org\/en\/wp-json\/wp\/v2\/pages\/2766\/revisions\/2771"}],"wp:attachment":[{"href":"https:\/\/www.arsantonina.org\/en\/wp-json\/wp\/v2\/media?parent=2766"}],"curies":[{"name":"wp","href":"https:\/\/api.w.org\/{rel}","templated":true}]}}