{"id":2741,"date":"2018-05-25T11:29:20","date_gmt":"2018-05-25T11:29:20","guid":{"rendered":"http:\/\/www.arsantonina.org\/?page_id=2741"},"modified":"2018-05-25T11:29:20","modified_gmt":"2018-05-25T11:29:20","slug":"concert-candidats-cnsm2018","status":"publish","type":"page","link":"https:\/\/www.arsantonina.org\/en\/concert-candidats-cnsm2018\/","title":{"rendered":"Concert des candidats aux CNSM 2018"},"content":{"rendered":"<p style=\"text-align: justify;\"><img decoding=\"async\" loading=\"lazy\" class=\"alignleft size-full wp-image-2740\" src=\"http:\/\/www.arsantonina.org\/wp-content\/uploads\/lowcnsm2018.jpg\" alt=\"\" width=\"450\" height=\"300\" srcset=\"https:\/\/www.arsantonina.org\/wp-content\/uploads\/lowcnsm2018.jpg 450w, https:\/\/www.arsantonina.org\/wp-content\/uploads\/lowcnsm2018-300x200.jpg 300w\" sizes=\"(max-width: 450px) 100vw, 450px\" \/>L\u2019Association Ars Antonina de Nice, en partenariat avec la Ville de Nice, a organis\u00e9 \u00e0 la Biblioth\u00e8que Municipale Louis Nuc\u00e9ra de Nice, comme chaque ann\u00e9e, un concert de candidats aux Conservatoires nationaux sup\u00e9rieurs de musique de Paris et de Lyon.\u00a0 Les jeunes musiciens prometteurs, tous issus du Conservatoire national \u00e0 rayonnement r\u00e9gional de Nice, ont pu ainsi interpr\u00e9ter un extrait de leur programme devant une salle comble et enthousiaste.<\/p>\n<p style=\"text-align: justify;\">\u00a0A la harpe, la brillante Gwenaelle le Meignen, \u00e9l\u00e8ve d\u2019Agn\u00e8s Berard a transport\u00e9 un public venu nombreux en interpr\u00e9tant deux Sonates de Scarlatti suivies de la <em>Rhapsodie<\/em> de Marcel Grandjany et de <em>l\u2019Etude de concert<\/em> de Wihelm Posse qu\u2019elle enleva avec brio.<\/p>\n<p style=\"text-align: justify;\">\u00a0Au piano, Alix Lagarde, \u00e9l\u00e8ve de Stephanos Thomopoulos n\u2019a pas m\u00e9nag\u00e9 son talent en relevant le d\u00e9fi du 1<sup>er<\/sup> mouvement de la <em>Fantaisie<\/em> de Franz Schubert opus 17, suivie de <em>l\u2019Etude<\/em> n\u00b08 de Fr\u00e9d\u00e9ric Chopin et pour finir magistralement sur la 4<sup>e<\/sup> <em>Fanfare<\/em> du livre 1 de Gy\u00f6rgy Ligeti.<\/p>\n<p style=\"text-align: justify;\">A la suite de ce moment de gr\u00e2ce, Federica Basilico, \u00e9l\u00e8ve de Pierre Bensaid, a interpr\u00e9t\u00e9 avec sensibilit\u00e9 et un d\u00e9licat touch\u00e9 le 1<sup>er<\/sup> mouvement du <em>Concerto n\u00b01<\/em> pour violon de Serge Prokofiev suivi du <em>Caprice<\/em> de Pierre Rode qui termina son programme avec brio.<\/p>\n<p style=\"text-align: justify;\">Cette repr\u00e9sentation a \u00e9t\u00e9 cl\u00f4tur\u00e9e par la prestation remarqu\u00e9e de Jennifer Legrand, \u00e9galement \u00e9l\u00e8ve de Stephanos Thomopoulos, et qui s\u2019est d\u00e9j\u00e0 produite dans la pr\u00e9c\u00e9dente saison d\u2019Ars Antonina. Elle a fait preuve d\u2019une belle d\u00e9licatesse de jeu en interpr\u00e9tant la <em>Sonate<\/em> opus 120 de Franz Schubert et d\u00e9montr\u00e9 la profondeur et la maturit\u00e9 de son interpr\u00e9tation lors de la <em>Sonate<\/em> n\u00b03 de Fr\u00e9d\u00e9ric Chopin.<\/p>\n<p style=\"text-align: justify;\">\u00a0Ces quatre jeunes talents ont toutes leurs chances pour r\u00e9ussir dans leur parcours. Nul doute que certains d\u2019entre eux sont promis \u00e0 un bel avenir musical.<\/p>\n<p style=\"text-align: justify;\">\n","protected":false},"excerpt":{"rendered":"<p>L\u2019Association Ars Antonina de Nice, en partenariat avec la Ville de Nice, a organis\u00e9 \u00e0 la Biblioth\u00e8que Municipale Louis Nuc\u00e9ra de Nice, comme chaque ann\u00e9e, un concert de candidats aux Conservatoires nationaux sup\u00e9rieurs de musique de Paris et de Lyon.\u00a0 Les jeunes musiciens prometteurs, tous issus du Conservatoire national \u00e0 rayonnement r\u00e9gional de Nice, ont [&hellip;]<\/p>\n","protected":false},"author":1,"featured_media":0,"parent":0,"menu_order":0,"comment_status":"closed","ping_status":"closed","template":"","meta":{"ngg_post_thumbnail":0},"_links":{"self":[{"href":"https:\/\/www.arsantonina.org\/en\/wp-json\/wp\/v2\/pages\/2741"}],"collection":[{"href":"https:\/\/www.arsantonina.org\/en\/wp-json\/wp\/v2\/pages"}],"about":[{"href":"https:\/\/www.arsantonina.org\/en\/wp-json\/wp\/v2\/types\/page"}],"author":[{"embeddable":true,"href":"https:\/\/www.arsantonina.org\/en\/wp-json\/wp\/v2\/users\/1"}],"replies":[{"embeddable":true,"href":"https:\/\/www.arsantonina.org\/en\/wp-json\/wp\/v2\/comments?post=2741"}],"version-history":[{"count":1,"href":"https:\/\/www.arsantonina.org\/en\/wp-json\/wp\/v2\/pages\/2741\/revisions"}],"predecessor-version":[{"id":2742,"href":"https:\/\/www.arsantonina.org\/en\/wp-json\/wp\/v2\/pages\/2741\/revisions\/2742"}],"wp:attachment":[{"href":"https:\/\/www.arsantonina.org\/en\/wp-json\/wp\/v2\/media?parent=2741"}],"curies":[{"name":"wp","href":"https:\/\/api.w.org\/{rel}","templated":true}]}}