{"id":1483,"date":"2017-09-21T12:38:51","date_gmt":"2017-09-21T12:38:51","guid":{"rendered":"http:\/\/www.arsantonina.org\/?page_id=1483"},"modified":"2018-01-22T09:48:54","modified_gmt":"2018-01-22T09:48:54","slug":"sponsoring","status":"publish","type":"page","link":"https:\/\/www.arsantonina.org\/en\/sponsoring\/","title":{"rendered":"Sponsoring"},"content":{"rendered":"<table border=\"0\" width=\"800\" cellspacing=\"0\" cellpadding=\"0\">\n<tbody>\n<tr>\n<td>\u00a0<img decoding=\"async\" loading=\"lazy\" src=\"http:\/\/www.arsantonina.org\/wp-content\/uploads\/entete-1.jpg\" alt=\"\" width=\"800\" height=\"113\" \/><\/td>\n<\/tr>\n<tr>\n<td>\n<p style=\"text-align: justify;\"><strong><img decoding=\"async\" loading=\"lazy\" class=\"size-full wp-image-1506 alignleft\" src=\"http:\/\/www.arsantonina.org\/wp-content\/uploads\/artistes01.-1.jpg\" alt=\"\" width=\"380\" height=\"592\" srcset=\"https:\/\/www.arsantonina.org\/wp-content\/uploads\/artistes01.-1.jpg 380w, https:\/\/www.arsantonina.org\/wp-content\/uploads\/artistes01.-1-193x300.jpg 193w\" sizes=\"(max-width: 380px) 100vw, 380px\" \/>Depuis 30 ans, l\u2019Association Ars Antonina poursuit sa mission de d\u00e9couvrir, soutenir et promouvoir les jeunes talents, au cours de leurs \u00e9tudes et au d\u00e9but de\u00a0<\/strong><strong>leur carri\u00e8re, en organisant :<\/strong><\/p>\n<p style=\"text-align: justify;\"><img decoding=\"async\" loading=\"lazy\" src=\"http:\/\/www.arsantonina.org\/wp-content\/uploads\/bullet-e1506075868274.png\" alt=\"\" width=\"5\" height=\"5\" \/>\u00a0une saison annuelle de concerts \u00e0 Monaco et Nice permettant de produire sur sc\u00e8ne non seulement des jeunes prometteurs issus des conservatoires du d\u00e9partement, mais aussi des virtuoses \u00e9trangers dont les laur\u00e9ats de concours internationaux ;<\/p>\n<p style=\"text-align: left;\"><img decoding=\"async\" loading=\"lazy\" src=\"http:\/\/www.arsantonina.org\/wp-content\/uploads\/bullet-e1506075868274.png\" alt=\"\" width=\"5\" height=\"5\" \/>\u00a0des master class anim\u00e9s par de grands interpr\u00e8tes ;<\/p>\n<p style=\"text-align: left;\"><img decoding=\"async\" loading=\"lazy\" src=\"http:\/\/www.arsantonina.org\/wp-content\/uploads\/bullet-e1506075868274.png\" alt=\"\" width=\"5\" height=\"5\" \/>\u00a0une acad\u00e9mie internationale de musique qui attire<\/p>\n<p style=\"text-align: left;\"><img decoding=\"async\" loading=\"lazy\" src=\"http:\/\/www.arsantonina.org\/wp-content\/uploads\/bullet-e1506075868274.png\" alt=\"\" width=\"5\" height=\"5\" \/>\u00a0des \u00e9tudiants du monde entier ;<\/p>\n<p style=\"text-align: left;\"><img decoding=\"async\" loading=\"lazy\" src=\"http:\/\/www.arsantonina.org\/wp-content\/uploads\/bullet-e1506075868274.png\" alt=\"\" width=\"5\" height=\"5\" \/>\u00a0des rencontres avec les professeurs de renom ;<\/p>\n<p style=\"text-align: left;\"><img decoding=\"async\" loading=\"lazy\" src=\"http:\/\/www.arsantonina.org\/wp-content\/uploads\/bullet-e1506075868274.png\" alt=\"\" width=\"5\" height=\"5\" \/>\u00a0un suivi de l\u2019\u00e9volution artistique de chaque talent.<\/p>\n<p style=\"text-align: justify;\"><span style=\"color: #da3440;\"><strong>Partenariats :<\/strong><\/span><br \/>\nL\u2019Association a d\u00e9velopp\u00e9 des liens de r\u00e9ciprocit\u00e9 et d\u2019amiti\u00e9 avec d\u2019autres organisations artistiques et culturelles en France et \u00e0 l\u2019\u00e9tranger : Allemagne, Italie, Royaume-Uni, Chine, Etats-Unis, Japon, Russie&#8230;<\/p>\n<p style=\"text-align: justify;\">Ars Antonina b\u00e9n\u00e9ficie du soutien de la Direction des Affaires Culturelles de Monaco, du Conseil G\u00e9n\u00e9ral des Alpes-Maritimes et de la Ville de Nice depuis plusieurs ann\u00e9es.<\/p>\n<\/td>\n<\/tr>\n<tr>\n<td style=\"text-align: justify;\"><strong><img decoding=\"async\" loading=\"lazy\" class=\"alignright size-full wp-image-1507\" src=\"http:\/\/www.arsantonina.org\/wp-content\/uploads\/artuiste02-1.jpg\" alt=\"\" width=\"420\" height=\"310\" srcset=\"https:\/\/www.arsantonina.org\/wp-content\/uploads\/artuiste02-1.jpg 420w, https:\/\/www.arsantonina.org\/wp-content\/uploads\/artuiste02-1-406x300.jpg 406w, https:\/\/www.arsantonina.org\/wp-content\/uploads\/artuiste02-1-300x221.jpg 300w\" sizes=\"(max-width: 420px) 100vw, 420px\" \/><img decoding=\"async\" loading=\"lazy\" class=\"alignright size-full wp-image-1554\" src=\"http:\/\/www.arsantonina.org\/wp-content\/uploads\/spacer.png\" alt=\"\" width=\"380\" height=\"10\" srcset=\"https:\/\/www.arsantonina.org\/wp-content\/uploads\/spacer.png 420w, https:\/\/www.arsantonina.org\/wp-content\/uploads\/spacer-300x7.png 300w\" sizes=\"(max-width: 380px) 100vw, 380px\" \/>Ars Antonina a remarqu\u00e9 et soutenu de\u00a0<\/strong><strong>jeunes talents de la r\u00e9gion, qui ont depuis fait\u00a0<\/strong><strong>leur chemin :<\/strong><br \/>\nThierry Amadi, Gilles Apap, Jocelyn Aubrun, Jonathan B\u00e9nichou, Lionel Bringuier, David Kadouch, Delphine Liz\u00e9, C\u00e9cile Maudire, Coline Marie Orliac et Solenne Pa\u00efdassi. Tous se sont produits d\u00e8s leur plus jeune \u00e2ge devant un public gr\u00e2ce \u00e0 l\u2019Association.De m\u00eame, beaucoup de musiciens \u00e9trangers ayant acquis aujourd\u2019hui une renomm\u00e9e internationale, tels que\u00a0<strong>Ji Liu<\/strong>,\u00a0<strong>Anna Tsybuleva<\/strong>\u00a0et\u00a0<strong>Sergei Redkin<\/strong>\u00a0ont \u00e9t\u00e9 entendus pour la premi\u00e8re fois \u00e0 Monaco et sur la C\u00f4te d\u2019Azur gr\u00e2ce \u00e0 l\u2019Association Ars Antonina.<\/td>\n<\/tr>\n<tr>\n<td><\/td>\n<\/tr>\n<\/tbody>\n<\/table>\n<table border=\"0\" width=\"800\" cellspacing=\"0\" cellpadding=\"0\">\n<tbody>\n<tr>\n<td colspan=\"2\">\u00a0<img decoding=\"async\" loading=\"lazy\" class=\"alignleft size-full wp-image-1496\" src=\"http:\/\/www.arsantonina.org\/wp-content\/uploads\/entete-2.jpg\" alt=\"\" width=\"800\" height=\"111\" srcset=\"https:\/\/www.arsantonina.org\/wp-content\/uploads\/entete-2.jpg 800w, https:\/\/www.arsantonina.org\/wp-content\/uploads\/entete-2-600x83.jpg 600w, https:\/\/www.arsantonina.org\/wp-content\/uploads\/entete-2-300x42.jpg 300w, https:\/\/www.arsantonina.org\/wp-content\/uploads\/entete-2-768x107.jpg 768w\" sizes=\"(max-width: 800px) 100vw, 800px\" \/><\/td>\n<\/tr>\n<tr>\n<td valign=\"top\" width=\"419\">&nbsp;<\/p>\n<p><span style=\"color: #da3440;\"><strong>Soutenez<\/strong><\/span> les jeunes talents de la musique classique<br \/>\nde la C\u00f4te d\u2019Azur<\/p>\n<p><span style=\"color: #da3440;\"><strong>Associez<\/strong><\/span> votre image \u00e0 un \u00e9v\u00e9nement artistique de haute qualit\u00e9<\/p>\n<p><span style=\"color: #da3440;\"><strong>Touchez<\/strong> <\/span>un public cibl\u00e9<\/p>\n<p><span style=\"color: #da3440;\"><strong>B\u00e9n\u00e9ficiez<\/strong> <\/span>d\u2019un espace publicitaire sur nos supports (flyers, affiches, programmes, site web)<\/p>\n<p><span style=\"color: #da3440;\"><strong>Recevez<\/strong> <\/span>vos clients et vos invit\u00e9s aux concerts<\/p>\n<p><span style=\"color: #da3440;\"><strong>Rencontrez<\/strong> <\/span>les jeunes artistes virtuoses<\/p>\n<p><span style=\"color: #da3440;\"><strong>Participez<\/strong> <\/span>\u00e0 la vie culturelle de notre r\u00e9gion<\/p>\n<p><span style=\"color: #da3440;\"><strong>Sponsorisez<\/strong> <\/span>un concert dans notre saison<\/p>\n<p><span style=\"color: #da3440;\"><strong>Devenez<\/strong> <\/span>m\u00e9c\u00e8ne de l\u2019enregistrement d\u2019un concert<br \/>\n(radio, vid\u00e9o ou CD)<\/p>\n<p><span style=\"color: #da3440;\"><strong>Offrez<\/strong> <\/span>une bourse d\u2019\u00e9tude aux jeunes artistes<\/p>\n<p><span style=\"color: #da3440;\"><strong>Parrainez<\/strong> <\/span>le Prix \u00ab Jacqueline Ollier\u00bb, fondatrice d\u2019Ars Antonina<\/td>\n<td valign=\"top\" width=\"381\"><img decoding=\"async\" loading=\"lazy\" class=\"alignleft size-full wp-image-1493\" src=\"http:\/\/www.arsantonina.org\/wp-content\/uploads\/artuiste03.jpg\" alt=\"\" width=\"381\" height=\"607\" srcset=\"https:\/\/www.arsantonina.org\/wp-content\/uploads\/artuiste03.jpg 381w, https:\/\/www.arsantonina.org\/wp-content\/uploads\/artuiste03-188x300.jpg 188w\" sizes=\"(max-width: 381px) 100vw, 381px\" \/><\/td>\n<\/tr>\n<tr>\n<td colspan=\"2\" align=\"center\" valign=\"top\"><img decoding=\"async\" loading=\"lazy\" class=\"alignleft size-full wp-image-1494\" src=\"http:\/\/www.arsantonina.org\/wp-content\/uploads\/artuiste04.jpg\" alt=\"\" width=\"800\" height=\"402\" srcset=\"https:\/\/www.arsantonina.org\/wp-content\/uploads\/artuiste04.jpg 800w, https:\/\/www.arsantonina.org\/wp-content\/uploads\/artuiste04-600x302.jpg 600w, https:\/\/www.arsantonina.org\/wp-content\/uploads\/artuiste04-597x300.jpg 597w, https:\/\/www.arsantonina.org\/wp-content\/uploads\/artuiste04-300x151.jpg 300w, https:\/\/www.arsantonina.org\/wp-content\/uploads\/artuiste04-768x386.jpg 768w\" sizes=\"(max-width: 800px) 100vw, 800px\" \/><\/td>\n<\/tr>\n<tr>\n<td colspan=\"2\" align=\"center\">arsantonina@gmail.com \/ tel : +33 (0) 6 03 44 20 66 \/ www.arsantonina.org<\/td>\n<\/tr>\n<tr>\n<td><\/td>\n<td><\/td>\n<\/tr>\n<\/tbody>\n<\/table>\n","protected":false},"excerpt":{"rendered":"<p>\u00a0 Depuis 30 ans, l\u2019Association Ars Antonina poursuit sa mission de d\u00e9couvrir, soutenir et promouvoir les jeunes talents, au cours de leurs \u00e9tudes et au d\u00e9but de\u00a0leur carri\u00e8re, en organisant : \u00a0une saison annuelle de concerts \u00e0 Monaco et Nice permettant de produire sur sc\u00e8ne non seulement des jeunes prometteurs issus des conservatoires du d\u00e9partement, [&hellip;]<\/p>\n","protected":false},"author":1,"featured_media":0,"parent":0,"menu_order":0,"comment_status":"closed","ping_status":"closed","template":"","meta":{"ngg_post_thumbnail":0},"_links":{"self":[{"href":"https:\/\/www.arsantonina.org\/en\/wp-json\/wp\/v2\/pages\/1483"}],"collection":[{"href":"https:\/\/www.arsantonina.org\/en\/wp-json\/wp\/v2\/pages"}],"about":[{"href":"https:\/\/www.arsantonina.org\/en\/wp-json\/wp\/v2\/types\/page"}],"author":[{"embeddable":true,"href":"https:\/\/www.arsantonina.org\/en\/wp-json\/wp\/v2\/users\/1"}],"replies":[{"embeddable":true,"href":"https:\/\/www.arsantonina.org\/en\/wp-json\/wp\/v2\/comments?post=1483"}],"version-history":[{"count":46,"href":"https:\/\/www.arsantonina.org\/en\/wp-json\/wp\/v2\/pages\/1483\/revisions"}],"predecessor-version":[{"id":2374,"href":"https:\/\/www.arsantonina.org\/en\/wp-json\/wp\/v2\/pages\/1483\/revisions\/2374"}],"wp:attachment":[{"href":"https:\/\/www.arsantonina.org\/en\/wp-json\/wp\/v2\/media?parent=1483"}],"curies":[{"name":"wp","href":"https:\/\/api.w.org\/{rel}","templated":true}]}}