{"id":1217,"date":"2017-04-04T08:09:49","date_gmt":"2017-04-04T08:09:49","guid":{"rendered":"http:\/\/www.arsantonina.org\/?page_id=1217"},"modified":"2017-04-13T10:53:02","modified_gmt":"2017-04-13T10:53:02","slug":"historique","status":"publish","type":"page","link":"https:\/\/www.arsantonina.org\/en\/historique\/","title":{"rendered":"Historique"},"content":{"rendered":"<h3 style=\"text-align: justify;\">Naissance \u00e0 St-Antoine, sur les collines ni\u00e7oises<\/h3>\n<p style=\"text-align: justify;\"><img decoding=\"async\" loading=\"lazy\" class=\"alignleft wp-image-1269\" src=\"http:\/\/www.arsantonina.org\/wp-content\/uploads\/Jacqueline-Ollier.jpg\" alt=\"\" width=\"258\" height=\"361\" srcset=\"https:\/\/www.arsantonina.org\/wp-content\/uploads\/Jacqueline-Ollier.jpg 300w, https:\/\/www.arsantonina.org\/wp-content\/uploads\/Jacqueline-Ollier-214x300.jpg 214w\" sizes=\"(max-width: 258px) 100vw, 258px\" \/>Fond\u00e9e en 1988 par Jacqueline OLLIER, Professeur des Universit\u00e9s, cette association s\u2019est fix\u00e9 pour but d\u2019aider les jeunes musiciens et danseur classiques au cours de leurs \u00e9tudes et au d\u00e9but de leur carri\u00e8re. Pour ce faire, elle leur organise un concert public par mois, des masterclasses avec les plus grands interpr\u00e8tes et une Acad\u00e9mie Internationale d\u2019\u00e9t\u00e9.<\/p>\n<p style=\"text-align: justify;\">Ars Antonina est n\u00e9e \u00e0 Nice, sur la colline de St-Antoine de Ginesti\u00e8re, d\u2019o\u00f9 son nom\u00a0(l\u2019Art \u00e0 St-Antoine, en bas latin), car les premiers concerts ont eu lieu \u00e0 l\u2019\u00e9glise de St-Antoine. Son d\u00e9veloppement a \u00e9t\u00e9 rapide.<\/p>\n<h3 style=\"text-align: justify;\">D\u00e9veloppement sur la Principaut\u00e9 de Monaco<\/h3>\n<p style=\"text-align: justify;\">Tr\u00e8s vite, l\u2019h\u00f4tel M\u00e9tropole \u00e0 Monaco nous a demand\u00e9 d\u2019organiser des concerts dans leurs salons. Quand le Th\u00e9\u00e2tre des Vari\u00e9t\u00e9s s\u2019est ouvert en 1993, la Direction des Affaires Culturelles Mon\u00e9gasque nous a propos\u00e9 de l\u2019utiliser \u00e0 titre gracieux.\u00a0En m\u00eame temps, nous d\u00e9couvrions \u00e0 Nice m\u00eame des lieux accueillants, comme l\u2019Eglise Anglicane ou l\u2019auditorium du MAMAC, la Facult\u00e9 des Lettres, le Th\u00e9\u00e2tre de Valrose et le Th\u00e9\u00e2tre de la Photographie (autrefois l\u2019Artistique) dont l\u2019utilisation \u00e9tait alors gratuite.<\/p>\n<h3 style=\"text-align: justify;\">Cr\u00e9ation de deux associations<\/h3>\n<p style=\"text-align: justify;\">En 1996, l\u2019activit\u00e9 de l\u2019association s\u2019est r\u00e9partie en deux branches, l\u2019une ni\u00e7oise (association loi 1901) et l\u2019autre mon\u00e9gasque, afin de se mettre en conformit\u00e9 avec la l\u00e9gislation. Les deux entit\u00e9s partagent les m\u00eames objectifs culturels et p\u00e9dagogiques mais interviennent chacune sur son \u00ab\u00a0territoire\u00a0\u00bb.<\/p>\n<h3 style=\"text-align: justify;\">Relations internationales<\/h3>\n<p style=\"text-align: justify;\">Rapidement, l\u2019Association a \u00e9tabli des relations avec d\u2019autres associations en France (par exemple Musique en Sorbonne) et \u00e0 l\u2019\u00e9tranger\u00a0: Allemagne, Italie, Grande-Bretagne, Royaume Uni, Chine, Etats-Unis, Japon, Russie et m\u00eame l\u2019Australie. Des liens de r\u00e9ciprocit\u00e9 et d\u2019amiti\u00e9 se sont \u00e9tablis, conduisant \u00e0 de multiples \u00e9changes.<\/p>\n<h3 style=\"text-align: justify;\">Les succ\u00e8s d\u2019Ars Antonina<\/h3>\n<p style=\"text-align: justify;\">Ars Antonina peut s\u2019enorgueillir d\u2019avoir remarqu\u00e9 et soutenu des bambins qui ont depuis fait leur chemin. L\u2019exemple le plus spectaculaire est sans doute celui de Lionel BRINGUIER, vainqueur \u00e0 20 ans du concours de direction d\u2019orchestre de Besan\u00e7on. Lionel a fait ses d\u00e9buts au concert d\u2019enfants virtuoses qu\u2019Ars Antonina organise tous les ans \u00e0 No\u00ebl \u00e0 Monaco. Il avait alors 8 ou 9 ans et jouait du violoncelle (il en joue toujours d\u2019ailleurs\u00a0!). Mais on pourrait en citer bien d\u2019autres, \u00e0 commencer par le violoniste Gilles APAP, maintenant super-soliste \u00e0 Sant\u00e9 Barbara, Californie\u00a0; la merveilleuse harpiste (et pianiste) Coline ORLIAC, actuellement au Curtis Institute de Philadelphie, le pianiste David KADOUCH, qui \u00e0 9 ans avait \u00e9mus tout le Th\u00e9\u00e2tre des Vari\u00e9t\u00e9s avec une petite pi\u00e8ce de Schumann et tant d\u2019autres musiciens en herbe qui sont \u00e0 pr\u00e9sent dans les plus grands orchestres.<\/p>\n<p style=\"text-align: justify;\">De m\u00eame, beaucoup de musiciens \u00e9trangers, qui ont acquis aujourd\u2019hui une renomm\u00e9e internationale, ont \u00e9t\u00e9 entendus pour la premi\u00e8re fois en Principaut\u00e9 et sur la C\u00f4te d\u2019Azur gr\u00e2ce \u00e0 l\u2019Association Ars Antonina.<\/p>\n<h3 style=\"text-align: justify;\">L\u2019Acad\u00e9mie Internationale d\u2019\u00e9t\u00e9<\/h3>\n<p style=\"text-align: justify;\">En 1994, une Acad\u00e9mie d\u2019\u00e9t\u00e9 est n\u00e9e \u00e0 la demande d\u2019un campus am\u00e9ricain \u00e9tabli \u00e0 Gen\u00e8ve. Apr\u00e8s plusieurs ann\u00e9es en Suisse, l\u2019Acad\u00e9mie s\u2019est install\u00e9e pr\u00e8s de Paris, dans la Maison de la Musique et de la Danse du Plessis-Robinson (92) o\u00f9, soutenus par le Directeur et la Municipalit\u00e9 du Plessis, elle a pass\u00e9 des ann\u00e9es tr\u00e8s heureuses. A la mort du Directeur, M. Jean-Pierre Monteil, l\u2019Acad\u00e9mie s\u2019est d\u00e9plac\u00e9e au Centre Azur de Sanary (Var), un lieu tr\u00e8s hospitalier et tr\u00e8s appr\u00e9ci\u00e9 de nos professeurs et stagiaires.<\/p>\n<p style=\"text-align: justify;\">L\u2019Acad\u00e9mie se veut internationale car ses professeurs viennent de diff\u00e9rents pays (Angleterre, Allemagne, France) et ses \u00e9l\u00e8ves du monde entier (20 nationalit\u00e9s diff\u00e9rentes en 2014). Mais elle se veut aussi familiale\u00a0: professeurs et \u00e9tudiants partagent pendant huit jours travail intensif (cours particuliers et master class) et vie quotidienne dans un m\u00eame lieu. L\u2019\u00e9mulation, mais aussi la d\u00e9couverte d\u2019autres sensibilit\u00e9s, d\u2019autres cultures, d\u2019autres approches sont essentielles. Le r\u00e9sultat de cette exp\u00e9rience est toujours stimulant et enrichissant. L\u2019Association Ars Antonina est parvenue \u00e0 offrir des bourses d\u2019\u00e9tudes gr\u00e2ce au soutien fid\u00e8le de divers organismes\u00a0: Ville de Nice, Conseil G\u00e9n\u00e9ral des Alpes-Maritimes, sponsors et m\u00e9c\u00e8nes priv\u00e9s.<\/p>\n<h3 style=\"text-align: justify;\">Composition de l\u2019Association<\/h3>\n<p style=\"text-align: justify;\">Tous les membres de l\u2019Association Ars Antonina sont des m\u00e9lomanes, parmi lesquels figurent des musiciens professionnels ou amateurs passionn\u00e9s, qui aiment les jeunes artistes et d\u00e9sirent les aider. Depuis 30 ans, toute une \u00e9quipe de b\u00e9n\u00e9voles \u0153uvre sans rel\u00e2che pour maintenir et d\u00e9velopper notre activit\u00e9. Ce travail a \u00e9t\u00e9 r\u00e9compens\u00e9 par le Prix de la Dynamique du Soci\u00e9taire qui a \u00e9t\u00e9 d\u00e9cern\u00e9 \u00e0 l\u2019Association par la BPCA en 2009. La fondatrice d\u2019Ars Antonina, Jacqueline OLLIER, a elle-m\u00eame \u00e9t\u00e9 ordonn\u00e9e \u00ab\u00a0Chevalier dans l\u2019Ordre du M\u00e9rite Culturel\u00a0\u00bb par SAS le Prince Albert de Monaco, en reconnaissance de son \u0153uvre.<\/p>\n<p style=\"text-align: justify;\">Si vous partagez notre passion pour la musique classique et la promotion des jeunes talents, vous pouvez soutenir l\u2019Association Ars Antonina par les moyens suivants\u00a0:<\/p>\n<p style=\"text-align: left;\">&#8211;\u00a0\u00a0\u00a0 Adh\u00e9sion annuelle<br \/>\n&#8211;\u00a0\u00a0\u00a0 Donation ou m\u00e9c\u00e9nat<br \/>\n&#8211;\u00a0\u00a0\u00a0 Sponsoring<\/p>\n<p>&nbsp;<\/p>\n","protected":false},"excerpt":{"rendered":"<p>Naissance \u00e0 St-Antoine, sur les collines ni\u00e7oises Fond\u00e9e en 1988 par Jacqueline OLLIER, Professeur des Universit\u00e9s, cette association s\u2019est fix\u00e9 pour but d\u2019aider les jeunes musiciens et danseur classiques au cours de leurs \u00e9tudes et au d\u00e9but de leur carri\u00e8re. Pour ce faire, elle leur organise un concert public par mois, des masterclasses avec les [&hellip;]<\/p>\n","protected":false},"author":1,"featured_media":936,"parent":0,"menu_order":0,"comment_status":"closed","ping_status":"closed","template":"","meta":{"ngg_post_thumbnail":0},"_links":{"self":[{"href":"https:\/\/www.arsantonina.org\/en\/wp-json\/wp\/v2\/pages\/1217"}],"collection":[{"href":"https:\/\/www.arsantonina.org\/en\/wp-json\/wp\/v2\/pages"}],"about":[{"href":"https:\/\/www.arsantonina.org\/en\/wp-json\/wp\/v2\/types\/page"}],"author":[{"embeddable":true,"href":"https:\/\/www.arsantonina.org\/en\/wp-json\/wp\/v2\/users\/1"}],"replies":[{"embeddable":true,"href":"https:\/\/www.arsantonina.org\/en\/wp-json\/wp\/v2\/comments?post=1217"}],"version-history":[{"count":7,"href":"https:\/\/www.arsantonina.org\/en\/wp-json\/wp\/v2\/pages\/1217\/revisions"}],"predecessor-version":[{"id":1273,"href":"https:\/\/www.arsantonina.org\/en\/wp-json\/wp\/v2\/pages\/1217\/revisions\/1273"}],"wp:featuredmedia":[{"embeddable":true,"href":"https:\/\/www.arsantonina.org\/en\/wp-json\/wp\/v2\/media\/936"}],"wp:attachment":[{"href":"https:\/\/www.arsantonina.org\/en\/wp-json\/wp\/v2\/media?parent=1217"}],"curies":[{"name":"wp","href":"https:\/\/api.w.org\/{rel}","templated":true}]}}